{"id":5374,"date":"2019-09-12T11:56:55","date_gmt":"2019-09-12T11:56:55","guid":{"rendered":"http:\/\/www.ciencianews.com.br\/?page_id=5374"},"modified":"2025-07-03T19:20:55","modified_gmt":"2025-07-03T19:20:55","slug":"artigos-de-hematologia-outras-neoplasias-hematologicas","status":"publish","type":"page","link":"https:\/\/www.ciencianews.com.br\/index.php\/home\/biblioteca_digital\/biblioteca-digital-hematologia\/b-d-hematologia-serie-branca\/hematologia-serie-branca-outras-neoplasias-hematologicas\/artigos-de-hematologia-outras-neoplasias-hematologicas\/","title":{"rendered":"ARTIGOS DE HEMATOLOGIA &#8211; Outras neoplasias hematol\u00f3gicas"},"content":{"rendered":"<h1 align=\"center\"><span style=\"color: #000000;\"><strong> ARTIGOS <\/strong><\/span><\/h1>\n<p><strong>Escolha o tema de sua prefer\u00eancia:<\/strong><\/p>\n<ol>\n<li style=\"list-style-type: none;\">\n<ol>\n<li>\n<h4><em><strong><a title=\" NEOPLASIA MIELOPROLIFERATIVAS\" href=\"http:\/\/www.ciencianews.com.br\/arquivos\/ACET\/IMAGENS\/biblioteca-digital\/hematologia\/serie_branca\/outras_neoplasias_hematologicas\/1-Neoplasia-mieloproliferativa.pdf\" target=\"_blank\" rel=\"noopener noreferrer\"> NEOPLASIA MIELOPROLIFERATIVAS <\/a><\/strong><\/em><\/h4>\n<\/li>\n<li>\n<h4><em><strong><a title=\" POLICITEMIA VERA \" href=\"http:\/\/www.ciencianews.com.br\/arquivos\/ACET\/IMAGENS\/biblioteca-digital\/hematologia\/serie_branca\/outras_neoplasias_hematologicas\/2-Policitemia-vera.pdf\" target=\"_blank\" rel=\"noopener noreferrer\"> POLICITEMIA VERA<\/a><\/strong><\/em><\/h4>\n<\/li>\n<li>\n<h4><em><strong><a title=\"S\u00cdNDROMES MIELODISPL\u00c1SICAS\" href=\"http:\/\/www.ciencianews.com.br\/arquivos\/ACET\/IMAGENS\/biblioteca-digital\/hematologia\/serie_branca\/outras_neoplasias_hematologicas\/3-Sindromes-mielodisplasicas.pdf\" target=\"_blank\" rel=\"noopener noreferrer\"> S\u00cdNDROMES MIELODISPL\u00c1SICAS<\/a><\/strong><\/em><\/h4>\n<\/li>\n<li>\n<h4><em><strong><a title=\"POLICITEMIA VERA: DO DIAGN\u00d3STICO AO TRATAMENTO\" href=\"http:\/\/www.ciencianews.com.br\/arquivos\/ACET\/IMAGENS\/biblioteca-digital\/hematologia\/serie_branca\/outras_neoplasias_hematologicas\/4-Policitemia-vera-do-diagnostico-ao-tratamento.pdf\" target=\"_blank\" rel=\"noopener noreferrer\">POLICITEMIA VERA: DO DIAGN\u00d3STICO AO TRATAMENTO<\/a><\/strong><\/em><\/h4>\n<\/li>\n<li>\n<h4><em><strong><a title=\" S\u00cdNDROMES MIELODISPL\u00c1SICAS E SEUS ASPECTOS GERAIS\" href=\"http:\/\/www.ciencianews.com.br\/arquivos\/ACET\/IMAGENS\/biblioteca-digital\/hematologia\/serie_branca\/outras_neoplasias_hematologicas\/5-Sindromes-Mielodisplasica-e-seus-aspectos-gerais.pdf\" target=\"_blank\" rel=\"noopener noreferrer\"> S\u00cdNDROMES MIELODISPL\u00c1SICAS E SEUS ASPECTOS GERAIS <\/a><\/strong><\/em><\/h4>\n<\/li>\n<li>\n<h4><em><strong><a title=\"DOEN\u00c7A MIELOPROLIFERATIVA: POLICITEMIA VERA\" href=\"http:\/\/www.ciencianews.com.br\/arquivos\/ACET\/IMAGENS\/biblioteca-digital\/hematologia\/serie_branca\/outras_neoplasias_hematologicas\/6-Doenca-mieloproliferativa-policitemia-vera.pdf\" target=\"_blank\" rel=\"noopener noreferrer\"> DOEN\u00c7A MIELOPROLIFERATIVA: POLICITEMIA VERA<\/a><\/strong><\/em><\/h4>\n<\/li>\n<li>\n<h4><em><strong><a title=\"DOEN\u00c7A MIELO E LINFOPROLIFERATIVA: CONCEITOS E ANEMIA\" href=\"http:\/\/www.ciencianews.com.br\/arquivos\/ACET\/IMAGENS\/biblioteca-digital\/hematologia\/serie_branca\/outras_neoplasias_hematologicas\/7-Doenca-melo-e-linfoproliferativa-conceitos-e-anemia.pdf\" target=\"_blank\" rel=\"noopener noreferrer\"> DOEN\u00c7A MIELO E LINFOPROLIFERATIVA: CONCEITOS E ANEMIA<\/a><\/strong><\/em><\/h4>\n<\/li>\n<li>\n<h4><em><strong><a title=\"S\u00cdNDROMES MIELODISPL\u00c1SICAS: REVIS\u00c3O DE LITERATURA\" href=\"http:\/\/www.ciencianews.com.br\/arquivos\/ACET\/IMAGENS\/biblioteca-digital\/hematologia\/serie_branca\/outras_neoplasias_hematologicas\/8-Sindromes-mielodisplasicas.pdf\" target=\"_blank\" rel=\"noopener noreferrer\"> S\u00cdNDROMES MIELODISPL\u00c1SICAS: REVIS\u00c3O DE LITERATURA <\/a><\/strong><\/em><\/h4>\n<\/li>\n<li>\n<h4><em><strong><a title=\" ABORDAGEM CL\u00cdNICA E DIAGN\u00d3STICA DAS NEOPLASIAS MIELOPROLIFERATIVAS\" href=\"http:\/\/www.ciencianews.com.br\/arquivos\/ACET\/IMAGENS\/biblioteca-digital\/hematologia\/serie_branca\/outras_neoplasias_hematologicas\/9-Abordagem-clinica-e-diagnostica-das-neoplasias-mieloprolifer.pdf\" target=\"_blank\" rel=\"noopener noreferrer\"> ABORDAGEM CL\u00cdNICA E DIAGN\u00d3STICA DAS NEOPLASIAS MIELOPROLIFERATIVAS<\/a><\/strong><\/em><\/h4>\n<\/li>\n<li>\n<h4><em><strong><a title=\"MIELOFRIBROSE \u2013 METAPLASIA MILOIDE AGNOG\u00caNICA\" href=\"http:\/\/www.ciencianews.com.br\/arquivos\/ACET\/IMAGENS\/biblioteca-digital\/hematologia\/serie_branca\/outras_neoplasias_hematologicas\/10-Mielofibrose-metaplasia-mieloide-agnogenica.pdf\" target=\"_blank\" rel=\"noopener noreferrer\"> MIELOFRIBROSE \u2013 METAPLASIA MILOIDE AGNOG\u00caNICA <\/a><\/strong><\/em><\/h4>\n<\/li>\n<li>\n<h4><em><strong><a title=\" POLICITEMIA VERA: DO DIAGN\u00d3STICO AO TRATAMENTO\" href=\"http:\/\/www.ciencianews.com.br\/arquivos\/ACET\/IMAGENS\/biblioteca-digital\/hematologia\/serie_branca\/outras_neoplasias_hematologicas\/11-Policitemia-vera-do-diagnostico-ao-tratamento.pdf\" target=\"_blank\" rel=\"noopener noreferrer\"> POLICITEMIA VERA: DO DIAGN\u00d3STICO AO TRATAMENTO <\/a><\/strong><\/em><\/h4>\n<\/li>\n<li>\n<h4><em><strong><a title=\"TROMBOCITOSE ESSENCIAL E ASSOCIA\u00c7\u00c3O DO GENE JANUS QUINASE 2 (JAK2)\" href=\"http:\/\/www.ciencianews.com.br\/arquivos\/ACET\/IMAGENS\/biblioteca-digital\/hematologia\/serie_branca\/outras_neoplasias_hematologicas\/12-Trombocitemia-essencia-e-a-associacao-com-o-gene-JAK2.pdf\" target=\"_blank\" rel=\"noopener noreferrer\"> TROMBOCITOSE ESSENCIAL E ASSOCIA\u00c7\u00c3O DO GENE JANUS QUINASE 2 (JAK2) <\/a><\/strong><\/em><\/h4>\n<\/li>\n<li>\n<h4><em><strong><a title=\"S\u00cdNDROMES MIELODISPL\u00c1SICAS\" href=\"http:\/\/www.ciencianews.com.br\/arquivos\/ACET\/IMAGENS\/biblioteca-digital\/hematologia\/serie_branca\/outras_neoplasias_hematologicas\/13-Sindromes-mielodisplasicas.pdf\" target=\"_blank\" rel=\"noopener noreferrer\">S\u00cdNDROMES MIELODISPL\u00c1SICAS<\/a><\/strong><\/em><\/h4>\n<\/li>\n<li>\n<h4><em><strong><a title=\"A IMPORT\u00c2NCIA DA CITOMETRIA DE FLUXO NO DIAGN\u00d3STICO DAS S\u00cdNDROMES MIELODISPL\u00c1SICAS\" href=\"http:\/\/www.ciencianews.com.br\/arquivos\/ACET\/IMAGENS\/biblioteca-digital\/hematologia\/serie_branca\/outras_neoplasias_hematologicas\/14-A-importancia-da-citometria-de-fluxo-no-diagnostico-das-s\u00edndromes-miel.pdf\" target=\"_blank\" rel=\"noopener noreferrer\"> A IMPORT\u00c2NCIA DA CITOMETRIA DE FLUXO NO DIAGN\u00d3STICO DAS S\u00cdNDROMES MIELODISPL\u00c1SICAS <\/a><\/strong><\/em><\/h4>\n<\/li>\n<li>\n<h4><em><strong><a title=\"POLICITEMIA VERA\" href=\"http:\/\/www.ciencianews.com.br\/arquivos\/ACET\/IMAGENS\/biblioteca-digital\/hematologia\/serie_branca\/outras_neoplasias_hematologicas\/15-Policitemiavera.pdf\" target=\"_blank\" rel=\"noopener noreferrer\"> POLICITEMIA VERA <\/a><\/strong><\/em><\/h4>\n<\/li>\n<li>\n<h4><em><strong><a title=\"DIAGN\u00d3STICO DIFERENCIAL DE POLICITEMIA VERA E TROMBOCITEMIA ESSENCIAL\" href=\"http:\/\/www.ciencianews.com.br\/arquivos\/ACET\/IMAGENS\/biblioteca-digital\/hematologia\/serie_branca\/outras_neoplasias_hematologicas\/16-Diagnostico-diferencial-de-policitemia-vera-e-trombocitemia-essencial.pdf\" target=\"_blank\" rel=\"noopener noreferrer\"> DIAGN\u00d3STICO DIFERENCIAL DE POLICITEMIA VERA E TROMBOCITEMIA ESSENCIAL<\/a><\/strong><\/em><\/h4>\n<\/li>\n<li>\n<h4><em><strong><a title=\"POLICITEMIA VERA ASSOCIADA \u00c0 ELEVA\u00c7\u00c3O DA ERITROPOIETINA\" href=\"http:\/\/www.ciencianews.com.br\/arquivos\/ACET\/IMAGENS\/biblioteca-digital\/hematologia\/serie_branca\/outras_neoplasias_hematologicas\/17-Policitemia-vera-associada-a-elevacao-de-eritropoietina.pdf\" target=\"_blank\" rel=\"noopener noreferrer\"> POLICITEMIA VERA ASSOCIADA \u00c0 ELEVA\u00c7\u00c3O DA ERITROPOIETINA<\/a><\/strong><\/em><\/h4>\n<\/li>\n<li>\n<h4><em><strong><a title=\"ASPECTOS GERAIS DA S\u00cdNDROME MIELODISPL\u00c1SICA\" href=\"http:\/\/www.ciencianews.com.br\/arquivos\/ACET\/IMAGENS\/biblioteca-digital\/hematologia\/serie_branca\/outras_neoplasias_hematologicas\/18-Aspectos-gerais-da-sindrome-mielodisplasica.pdf\" target=\"_blank\" rel=\"noopener noreferrer\"> ASPECTOS GERAIS DA S\u00cdNDROME MIELODISPL\u00c1SICA<\/a><\/strong><\/em><\/h4>\n<\/li>\n<li>\n<h4><em><strong><a title=\"NEOPLASIAS MIELOPROLIFERATIVAS: ASPECTOS CL\u00cdNICOS E CRIT\u00c9RIOS DIAGN\u00d3STICOS\" href=\"http:\/\/www.ciencianews.com.br\/arquivos\/ACET\/IMAGENS\/biblioteca-digital\/hematologia\/serie_branca\/outras_neoplasias_hematologicas\/19-Neoplasias-mieloproliferativas-aspectos-clinicos-e-criterios-de-diag.pdf\" target=\"_blank\" rel=\"noopener noreferrer\"> NEOPLASIAS MIELOPROLIFERATIVAS: ASPECTOS CL\u00cdNICOS E CRIT\u00c9RIOS DIAGN\u00d3STICOS<\/a><\/strong><\/em><\/h4>\n<\/li>\n<li>\n<h4><em><strong><a title=\"ASPECTOS CL\u00cdNICOS E LABORATORIAIS DA MIELOFIBROSE: RELATO DE CASO\" href=\"http:\/\/www.ciencianews.com.br\/arquivos\/ACET\/IMAGENS\/biblioteca-digital\/hematologia\/serie_branca\/outras_neoplasias_hematologicas\/20-Aspectos-clinicos-e-laboratoriais-da-mielofibrose.pdf\" target=\"_blank\" rel=\"noopener noreferrer\"> ASPECTOS CL\u00cdNICOS E LABORATORIAIS DA MIELOFIBROSE: RELATO DE CASO<\/a><\/strong><\/em><\/h4>\n<\/li>\n<li>\n<h4><em><strong><a title=\"POLICITEMIA VERA COM APARECIMENTO NA ADOLEC\u00caNCIA\" href=\"http:\/\/www.ciencianews.com.br\/arquivos\/ACET\/IMAGENS\/biblioteca-digital\/hematologia\/serie_branca\/outras_neoplasias_hematologicas\/21-Policitemia-vera-na-adolescencia.pdf\" target=\"_blank\" rel=\"noopener noreferrer\"> POLICITEMIA VERA COM APARECIMENTO NA ADOLEC\u00caNCIA<\/a><\/strong><\/em><\/h4>\n<\/li>\n<li>\n<h4><em><strong><a title=\"TROMBOCITEMIA ESSENCIAL: ASPECTOS GERAIS E LABORATORIAIS\" href=\"http:\/\/www.ciencianews.com.br\/arquivos\/ACET\/IMAGENS\/biblioteca-digital\/hematologia\/serie_branca\/outras_neoplasias_hematologicas\/22-Trombocitemia-essencial-aspectos-gerais-e-laboratoriais.pdf\" target=\"_blank\" rel=\"noopener noreferrer\"> TROMBOCITEMIA ESSENCIAL: ASPECTOS GERAIS E LABORATORIAIS<\/a><\/strong><\/em><\/h4>\n<\/li>\n<li>\n<h4><em><strong><a title=\"DIAGN\u00d3STICO LABORATORIAL DA POLICITEMIA VERA\" href=\"http:\/\/www.ciencianews.com.br\/arquivos\/ACET\/IMAGENS\/biblioteca-digital\/hematologia\/serie_branca\/outras_neoplasias_hematologicas\/23-Diagnostico-laboratorial-da-policitemia-vera.pdf\" target=\"_blank\" rel=\"noopener noreferrer\"> DIAGN\u00d3STICO LABORATORIAL DA POLICITEMIA VERA<\/a><\/strong><\/em><\/h4>\n<\/li>\n<li>\n<h4><em><strong><a title=\"S\u00cdNDROME MIELODISPL\u00c1SICA, ALTERA\u00c7\u00d5ES FISIOPATOL\u00d3GICAS E DIAGN\u00d3STICOS\" href=\"http:\/\/www.ciencianews.com.br\/arquivos\/ACET\/IMAGENS\/biblioteca-digital\/hematologia\/serie_branca\/outras_neoplasias_hematologicas\/24.pdf\" target=\"_blank\" rel=\"noopener noreferrer\"> S\u00cdNDROME MIELODISPL\u00c1SICA, ALTERA\u00c7\u00d5ES FISIOPATOL\u00d3GICAS E DIAGN\u00d3STICOS<\/a><\/strong><\/em><\/h4>\n<\/li>\n<li>\n<h4><a href=\"https:\/\/www.ciencianews.com.br\/arquivos\/ACET\/IMAGENS\/biblioteca-digital\/hematologia\/serie_branca\/outras_neoplasias_hematologicas\/S%C3%ADndrome_mielodispl%C3%A1sica_ap%C3%B3s_exposi%C3%A7%C3%A3o_a_tratamentos_oncol%C3%B3gicos%20-%20Jaine%20Gabriela%20da%20Silva%20.pdf\" target=\"_blank\" rel=\"noopener noreferrer\"><em><strong>S\u00cdNDROME MIELODISPL\u00c1SICA AP\u00d3S EXPOSI\u00c7\u00c3O A TRATAMENTOS ONCOL\u00d3GICOS<\/strong><\/em><\/a><\/h4>\n<\/li>\n<li>\n<h4><a href=\"https:\/\/ciencianews.com.br\/arquivos\/ACET\/IMAGENS\/biblioteca-digital\/hematologia\/plaquetas_coagulopatias\/coagulopatias\/Import%C3%A2ncia%20da%20Jak2%20v617f%20na%20Trombocitemia%20essencial%20-%20Emerson%20Jonata%20da%20Silva.pdf\" target=\"_blank\" rel=\"noopener noreferrer\"><em><strong>IMPORT\u00c2NCIA DA MUTA\u00c7\u00c3O JAK2 V617F NA TROMBOCITEMIA ESSENCIAL<\/strong><\/em><\/a><\/h4>\n<\/li>\n<li>\n<h4><a href=\"https:\/\/ciencianews.com.br\/arquivos\/ACET\/IMAGENS\/biblioteca-digital\/hematologia\/plaquetas_coagulopatias\/coagulopatias\/Policitemia%20Vera%20-%20import%C3%A2ncia%20dos%20exames%20laboratoriais%20no%20diagn%C3%B3stico%20precoce%20da%20doen%C3%A7a%20-%20Dayse%20de%20Oliveira%20Alves%20da%20Silva.pdf\" target=\"_blank\" rel=\"noopener noreferrer\"><em><strong>POLICITEMIA VERA &#8211; IMPORT\u00c2NCIA DOS EXAMES LABORATORIAIS NO DIAGN\u00d3STICO PRECOCE DA DOEN\u00c7A<\/strong><\/em><\/a><\/h4>\n<\/li>\n<li>\n<h4><a href=\"https:\/\/ciencianews.com.br\/arquivos\/ACET\/IMAGENS\/biblioteca-digital\/hematologia\/plaquetas_coagulopatias\/coagulopatias\/Trombocitemia%20essencial%20-%20%20aspectos%20cl%C3%ADnicos%20e%20crit%C3%A9rios%20diagn%C3%B3sticos%20laboratoriais%20-%20Beatriz%20Lopes%20Ferrari.pdf\" target=\"_blank\" rel=\"noopener noreferrer\"><em><strong>TROMBOCITEMIA ESSENCIAL &#8211; ASPECTOS CL\u00cdNICOS E CRIT\u00c9RIOS DIAGN\u00d3STICOS LABORATORIAIS<\/strong><\/em><\/a><\/h4>\n<\/li>\n<li>\n<h4><a href=\"https:\/\/ciencianews.com.br\/arquivos\/ACET\/IMAGENS\/biblioteca-digital\/hematologia\/serie_branca\/outras_neoplasias_hematologicas\/2023-Altera%C3%A7oes%20morfol%C3%B3gicas%20nas%20sindromes%20mielodispl%C3%A1sicas%20-%20Isabela%20Ribeiro%20Batista.pdf\" target=\"_blank\" rel=\"noopener noreferrer\"><em><strong>ALTERA\u00c7OES MORFOL\u00d3GICAS NAS SINDROMES MIELODISPL\u00c1SICAS<\/strong><\/em><\/a><\/h4>\n<\/li>\n<li>\n<h4><a href=\"https:\/\/ciencianews.com.br\/arquivos\/ACET\/IMAGENS\/biblioteca-digital\/hematologia\/serie_branca\/outras_neoplasias_hematologicas\/2023-Atualiza%C3%A7%C3%B5es%20sobre%20a%20mielofibrose%20prim%C3%A1ria%20-Gledson%20Marques%20de%20Oliveira%20Junior.pdf\" target=\"_blank\" rel=\"noopener noreferrer\"><em><strong>ATUALIZA\u00c7\u00d5ES SOBRE A MIELOFIBROSE PRIM\u00c1RIA<\/strong><\/em><\/a><\/h4>\n<\/li>\n<li>\n<h4><a href=\"https:\/\/ciencianews.com.br\/arquivos\/ACET\/IMAGENS\/biblioteca-digital\/hematologia\/serie_branca\/outras_neoplasias_hematologicas\/2023-S%C3%ADndromes%20Mielodispl%C3%A1sicas%20-%20%20Classifica%C3%A7%C3%B5es%20e%20Progn%C3%B3stico%20Leuc%C3%AAmico%20-%20Paula%20Karoline%20Sfordi%20da%20Silva.pdf\" target=\"_blank\" rel=\"noopener noreferrer\"><em><strong>S\u00cdNDROMES MIELODISPL\u00c1SICAS: CLASSIFICA\u00c7\u00d5ES E PROGN\u00d3STICO LEUC\u00caMICO<\/strong><\/em><\/a><\/h4>\n<\/li>\n<li>\n<h4><a href=\"https:\/\/ciencianews.com.br\/arquivos\/ACET\/IMAGENS\/biblioteca-digital\/hematologia\/serie_branca\/outras_neoplasias_hematologicas\/32_Eunice.pdf\" target=\"_blank\" rel=\"noopener noreferrer\"><em><strong>AVAN\u00c7OS RECENTES EM HEMATOLOGIA: DIAGN\u00d3STICO E TRATAMENTO DAS DOEN\u00c7AS HEMATOL\u00d3GICAS<\/strong><\/em><\/a><\/h4>\n<\/li>\n<li>\n<h4><a href=\"https:\/\/ciencianews.com.br\/arquivos\/ACET\/IMAGENS\/biblioteca-digital\/hematologia\/serie_branca\/outras_neoplasias_hematologicas\/33_Victoria%20Roberta%20Dinardi.pdf\" target=\"_blank\" rel=\"noopener noreferrer\"><em><strong>A APLICA\u00c7\u00c3O DA CITOGEN\u00c9TICA NO DIAGN\u00d3STICO E TRATAMENTO DAS DOEN\u00c7AS HEMATOL\u00d3GICAS<\/strong><\/em><\/a><\/h4>\n<\/li>\n<\/ol>\n<\/li>\n<\/ol>\n<div style=\"text-align: center;\">\n<p>[ezcol_1third]<br \/>\n<a href=\"http:\/\/www.ciencianews.com.br\/index.php\/home\/biblioteca_digital\/biblioteca-digital-hematologia\/b-d-hematologia-serie-branca\/hematologia-serie-branca-outras-neoplasias-hematologicas\/\"> <img loading=\"lazy\" decoding=\"async\" class=\"alignnone size-thumbnail wp-image-4997\" src=\"http:\/\/www.ciencianews.com.br\/wp-content\/uploads\/2019\/08\/voltar-150x150.png\" alt=\"voltar\" width=\"70\" height=\"70\" srcset=\"https:\/\/www.ciencianews.com.br\/wp-content\/uploads\/2019\/08\/voltar-150x150.png 150w, https:\/\/www.ciencianews.com.br\/wp-content\/uploads\/2019\/08\/voltar-250x250.png 250w, https:\/\/www.ciencianews.com.br\/wp-content\/uploads\/2019\/08\/voltar.png 256w\" sizes=\"auto, (max-width: 70px) 100vw, 70px\" \/> <\/a><\/p>\n<div style=\"color: #000000; text-align: center; font-size: 15px; font-weight: bold;\"><a href=\"http:\/\/www.ciencianews.com.br\/index.php\/home\/biblioteca_digital\/biblioteca-digital-hematologia\/b-d-hematologia-serie-branca\/hematologia-serie-branca-outras-neoplasias-hematologicas\/\">Voltar<\/a><\/p>\n<\/div>\n<p>[\/ezcol_1third]<br \/>\n[ezcol_1third]<br \/>\n<a href=\"http:\/\/www.ciencianews.com.br\/index.php\/home\/biblioteca_digital\/\"> <img loading=\"lazy\" decoding=\"async\" class=\"alignnone size-thumbnail wp-image-4996\" src=\"http:\/\/www.ciencianews.com.br\/wp-content\/uploads\/2019\/08\/home-150x150.jpg\" alt=\"home\" width=\"70\" height=\"70\" srcset=\"https:\/\/www.ciencianews.com.br\/wp-content\/uploads\/2019\/08\/home-150x150.jpg 150w, https:\/\/www.ciencianews.com.br\/wp-content\/uploads\/2019\/08\/home.jpg 225w\" sizes=\"auto, (max-width: 70px) 100vw, 70px\" \/> <\/a><\/p>\n<div style=\"color: #000000; text-align: center; font-size: 15px; font-weight: bold;\"><a href=\"http:\/\/www.ciencianews.com.br\/index.php\/home\/biblioteca_digital\/\">Biblioteca Digital<\/a><\/p>\n<\/div>\n<p>[\/ezcol_1third]<br \/>\n[ezcol_1third_end]<br \/>\n<a href=\"http:\/\/www.ciencianews.com.br\/index.php\/home\/biblioteca_digital\/biblioteca-digital-hematologia\/b-d-hematologia-serie-vermelha\/\"> <img loading=\"lazy\" decoding=\"async\" class=\"alignnone size-thumbnail wp-image-4995\" src=\"http:\/\/www.ciencianews.com.br\/wp-content\/uploads\/2019\/08\/avancar-150x150.png\" alt=\"avancar\" width=\"70\" height=\"70\" srcset=\"https:\/\/www.ciencianews.com.br\/wp-content\/uploads\/2019\/08\/avancar-150x150.png 150w, https:\/\/www.ciencianews.com.br\/wp-content\/uploads\/2019\/08\/avancar-250x250.png 250w, https:\/\/www.ciencianews.com.br\/wp-content\/uploads\/2019\/08\/avancar.png 256w\" sizes=\"auto, (max-width: 70px) 100vw, 70px\" \/> <\/a><\/p>\n<div style=\"color: #000000; text-align: center; font-size: 15px; font-weight: bold;\"><a href=\"http:\/\/www.ciencianews.com.br\/index.php\/home\/biblioteca_digital\/biblioteca-digital-hematologia\/b-d-hematologia-serie-vermelha\/\">Pr\u00f3ximo T\u00f3pico: &#8220;S\u00c9RIE VERMELHA&#8221;<\/a><\/div>\n<p>[\/ezcol_1third_end]<\/p>\n<\/div>\n","protected":false},"excerpt":{"rendered":"<p>ARTIGOS Escolha o tema de sua prefer\u00eancia: NEOPLASIA MIELOPROLIFERATIVAS POLICITEMIA VERA S\u00cdNDROMES MIELODISPL\u00c1SICAS POLICITEMIA VERA: DO DIAGN\u00d3STICO AO TRATAMENTO S\u00cdNDROMES MIELODISPL\u00c1SICAS E SEUS ASPECTOS GERAIS DOEN\u00c7A MIELOPROLIFERATIVA: POLICITEMIA VERA DOEN\u00c7A MIELO E LINFOPROLIFERATIVA: CONCEITOS E ANEMIA S\u00cdNDROMES MIELODISPL\u00c1SICAS: REVIS\u00c3O DE [&hellip;]<\/p>\n","protected":false},"author":1,"featured_media":0,"parent":5369,"menu_order":0,"comment_status":"closed","ping_status":"closed","template":"","meta":{"_uag_custom_page_level_css":"","_joinchat":[],"footnotes":""},"class_list":["post-5374","page","type-page","status-publish","hentry"],"uagb_featured_image_src":{"full":false,"thumbnail":false,"medium":false,"medium_large":false,"large":false,"1536x1536":false,"2048x2048":false,"post-thumbnail":false,"business-hub-blog":false,"business-hub-work":false},"uagb_author_info":{"display_name":"real","author_link":"https:\/\/www.ciencianews.com.br\/index.php\/author\/real\/"},"uagb_comment_info":0,"uagb_excerpt":"ARTIGOS Escolha o tema de sua prefer\u00eancia: NEOPLASIA MIELOPROLIFERATIVAS POLICITEMIA VERA S\u00cdNDROMES MIELODISPL\u00c1SICAS POLICITEMIA VERA: DO DIAGN\u00d3STICO AO TRATAMENTO S\u00cdNDROMES MIELODISPL\u00c1SICAS E SEUS ASPECTOS GERAIS DOEN\u00c7A MIELOPROLIFERATIVA: POLICITEMIA VERA DOEN\u00c7A MIELO E LINFOPROLIFERATIVA: CONCEITOS E ANEMIA S\u00cdNDROMES MIELODISPL\u00c1SICAS: REVIS\u00c3O DE [&hellip;]","_links":{"self":[{"href":"https:\/\/www.ciencianews.com.br\/index.php\/wp-json\/wp\/v2\/pages\/5374","targetHints":{"allow":["GET"]}}],"collection":[{"href":"https:\/\/www.ciencianews.com.br\/index.php\/wp-json\/wp\/v2\/pages"}],"about":[{"href":"https:\/\/www.ciencianews.com.br\/index.php\/wp-json\/wp\/v2\/types\/page"}],"author":[{"embeddable":true,"href":"https:\/\/www.ciencianews.com.br\/index.php\/wp-json\/wp\/v2\/users\/1"}],"replies":[{"embeddable":true,"href":"https:\/\/www.ciencianews.com.br\/index.php\/wp-json\/wp\/v2\/comments?post=5374"}],"version-history":[{"count":9,"href":"https:\/\/www.ciencianews.com.br\/index.php\/wp-json\/wp\/v2\/pages\/5374\/revisions"}],"predecessor-version":[{"id":7754,"href":"https:\/\/www.ciencianews.com.br\/index.php\/wp-json\/wp\/v2\/pages\/5374\/revisions\/7754"}],"up":[{"embeddable":true,"href":"https:\/\/www.ciencianews.com.br\/index.php\/wp-json\/wp\/v2\/pages\/5369"}],"wp:attachment":[{"href":"https:\/\/www.ciencianews.com.br\/index.php\/wp-json\/wp\/v2\/media?parent=5374"}],"curies":[{"name":"wp","href":"https:\/\/api.w.org\/{rel}","templated":true}]}}