{"id":5390,"date":"2019-09-14T17:51:57","date_gmt":"2019-09-14T17:51:57","guid":{"rendered":"http:\/\/www.ciencianews.com.br\/?page_id=5390"},"modified":"2025-05-23T14:52:11","modified_gmt":"2025-05-23T14:52:11","slug":"artigos-de-hematologia-anemia-aplastica","status":"publish","type":"page","link":"https:\/\/www.ciencianews.com.br\/index.php\/home\/biblioteca_digital\/biblioteca-digital-hematologia\/b-d-hematologia-serie-vermelha\/biblioteca-digital-hematologia-anemia-aplastica\/artigos-de-hematologia-anemia-aplastica\/","title":{"rendered":"ARTIGOS DE HEMATOLOGIA \u2013 Anemia Apl\u00e1stica"},"content":{"rendered":"<h1 align=\"center\"><span style=\"color: #000000;\"><strong> ARTIGOS <\/strong><\/span><\/h1>\n<p><strong>Escolha o tema de sua prefer\u00eancia:<\/strong><\/p>\n<ol>\n<li style=\"list-style-type: none;\">\n<ol>\n<li>\n<h4><em><strong><a title=\" ANEMIA APL\u00c1STICA\" href=\"http:\/\/www.ciencianews.com.br\/arquivos\/ACET\/IMAGENS\/biblioteca-digital\/hematologia\/serie_vermelha\/anemia_aplastica\/1.pdf\" target=\"_blank\" rel=\"noopener noreferrer\"> ANEMIA APL\u00c1STICA <\/a><\/strong><\/em><\/h4>\n<\/li>\n<li>\n<h4><em><strong><a title=\" APLASIA MEDULAR: SUAS PRINCIPAIS CAUSAS E TRATAMENTO \" href=\"http:\/\/www.ciencianews.com.br\/arquivos\/ACET\/IMAGENS\/biblioteca-digital\/hematologia\/serie_vermelha\/anemia_aplastica\/2.pdf\" target=\"_blank\" rel=\"noopener noreferrer\"> APLASIA MEDULAR: SUAS PRINCIPAIS CAUSAS E TRATAMENTO <\/a><\/strong><\/em><\/h4>\n<\/li>\n<li>\n<h4><em><strong><a title=\"CONSIDERA\u00c7\u00d5ES ATUAIS DA ANEMIA DE DIAMOND-BLACKFAN\" href=\"http:\/\/www.ciencianews.com.br\/arquivos\/ACET\/IMAGENS\/biblioteca-digital\/hematologia\/serie_vermelha\/anemia_aplastica\/3.pdf\" target=\"_blank\" rel=\"noopener noreferrer\"> CONSIDERA\u00c7\u00d5ES ATUAIS DA ANEMIA DE DIAMOND-BLACKFAN<\/a><\/strong><\/em><\/h4>\n<\/li>\n<li>\n<h4><em><strong><a title=\"ANEMIA APL\u00c1SICA\" href=\"http:\/\/www.ciencianews.com.br\/arquivos\/ACET\/IMAGENS\/biblioteca-digital\/hematologia\/serie_vermelha\/anemia_aplastica\/5.pdf\" target=\"_blank\" rel=\"noopener noreferrer\"> ANEMIA APL\u00c1SICA <\/a><\/strong><\/em><\/h4>\n<\/li>\n<li>\n<h4><em><strong><a title=\"ANEMIA APL\u00c1SICA\" href=\"http:\/\/www.ciencianews.com.br\/arquivos\/ACET\/IMAGENS\/biblioteca-digital\/hematologia\/serie_vermelha\/anemia_aplastica\/6.pdf\" target=\"_blank\" rel=\"noopener noreferrer\"> ANEMIA APL\u00c1STICA <\/a><\/strong><\/em><\/h4>\n<\/li>\n<li>\n<h4><em><strong><a title=\"ANEMIA APL\u00c1STICA E ESTRESSE MEDULAR. RELA\u00c7\u00c3O COM A ENZIMA TELOMERASE E TEL\u00d4MEROS\" href=\"http:\/\/www.ciencianews.com.br\/arquivos\/ACET\/IMAGENS\/biblioteca-digital\/hematologia\/serie_vermelha\/anemia_aplastica\/7.pdf\" target=\"_blank\" rel=\"noopener noreferrer\"> ANEMIA APL\u00c1STICA E ESTRESSE MEDULAR. RELA\u00c7\u00c3O COM A ENZIMA TELOMERASE E TEL\u00d4MEROS <\/a><\/strong><\/em><\/h4>\n<\/li>\n<li>\n<h4><em><strong><a title=\"AN\u00c1LISE DE LITERATURA SOBRE ANEMIA DE FANCONI, ASPECTOS CL\u00cdNICOS E LABORATORIAIS.\" href=\"http:\/\/www.ciencianews.com.br\/arquivos\/ACET\/IMAGENS\/biblioteca-digital\/hematologia\/serie_vermelha\/anemia_aplastica\/8.pdf\" target=\"_blank\" rel=\"noopener noreferrer\"> AN\u00c1LISE DE LITERATURA SOBRE ANEMIA DE FANCONI, ASPECTOS CL\u00cdNICOS E LABORATORIAIS.<\/a><\/strong><\/em><\/h4>\n<\/li>\n<li>\n<h4><em><strong><a title=\"AN\u00c1LISE DE LITERATURA SOBRE ANEMIA DE FANCONI, ASPECTOS CL\u00cdNICOS E LABORATORIAIS.\" href=\"http:\/\/www.ciencianews.com.br\/arquivos\/ACET\/IMAGENS\/biblioteca-digital\/hematologia\/serie_vermelha\/anemia_aplastica\/8_Fernanda%20morosini.pdf\" target=\"_blank\" rel=\"noopener noreferrer\">RISCO DE MIELOTOXICIDADE ASSOCIADA AO BENZENO EM TRABALHADORES DE POSTOS DE COMBUST\u00cdVEIS<\/a><\/strong><\/em><\/h4>\n<\/li>\n<li>\n<h4><em><strong><a title=\"AN\u00c1LISE DE LITERATURA SOBRE ANEMIA DE FANCONI, ASPECTOS CL\u00cdNICOS E LABORATORIAIS.\" href=\"http:\/\/www.ciencianews.com.br\/arquivos\/ACET\/IMAGENS\/biblioteca-digital\/hematologia\/serie_vermelha\/anemia_aplastica\/9_Nayla.pdf\" target=\"_blank\" rel=\"noopener noreferrer\">ANEMIA APL\u00c1STICA<\/a><\/strong><\/em><\/h4>\n<\/li>\n<\/ol>\n<\/li>\n<\/ol>\n<div style=\"text-align: center;\">\n<p>[ezcol_1third]<br \/>\n<a href=\"http:\/\/www.ciencianews.com.br\/index.php\/home\/biblioteca_digital\/biblioteca-digital-hematologia\/b-d-hematologia-serie-vermelha\/biblioteca-digital-hematologia-anemia-aplastica\/\"> <img loading=\"lazy\" decoding=\"async\" class=\"alignnone size-thumbnail wp-image-4997\" src=\"http:\/\/www.ciencianews.com.br\/wp-content\/uploads\/2019\/08\/voltar-150x150.png\" alt=\"voltar\" width=\"70\" height=\"70\" srcset=\"https:\/\/www.ciencianews.com.br\/wp-content\/uploads\/2019\/08\/voltar-150x150.png 150w, https:\/\/www.ciencianews.com.br\/wp-content\/uploads\/2019\/08\/voltar-250x250.png 250w, https:\/\/www.ciencianews.com.br\/wp-content\/uploads\/2019\/08\/voltar.png 256w\" sizes=\"auto, (max-width: 70px) 100vw, 70px\" \/> <\/a><\/p>\n<div style=\"color: #000000; text-align: center; font-size: 15px; font-weight: bold;\"><a href=\"http:\/\/www.ciencianews.com.br\/index.php\/home\/biblioteca_digital\/biblioteca-digital-hematologia\/b-d-hematologia-serie-vermelha\/biblioteca-digital-hematologia-anemia-aplastica\/\">Voltar<\/a><\/p>\n<\/div>\n<p>[\/ezcol_1third]<br \/>\n[ezcol_1third]<br \/>\n<a href=\"http:\/\/www.ciencianews.com.br\/index.php\/home\/biblioteca_digital\/\"> <img loading=\"lazy\" decoding=\"async\" class=\"alignnone size-thumbnail wp-image-4996\" src=\"http:\/\/www.ciencianews.com.br\/wp-content\/uploads\/2019\/08\/home-150x150.jpg\" alt=\"home\" width=\"70\" height=\"70\" srcset=\"https:\/\/www.ciencianews.com.br\/wp-content\/uploads\/2019\/08\/home-150x150.jpg 150w, https:\/\/www.ciencianews.com.br\/wp-content\/uploads\/2019\/08\/home.jpg 225w\" sizes=\"auto, (max-width: 70px) 100vw, 70px\" \/> <\/a><\/p>\n<div style=\"color: #000000; text-align: center; font-size: 15px; font-weight: bold;\"><a href=\"http:\/\/www.ciencianews.com.br\/index.php\/home\/biblioteca_digital\/\">Biblioteca Digital<\/a><\/p>\n<\/div>\n<p>[\/ezcol_1third]<br \/>\n[ezcol_1third_end]<br \/>\n<a href=\"http:\/\/www.ciencianews.com.br\/index.php\/home\/biblioteca_digital\/biblioteca-digital-hematologia\/b-d-hematologia-serie-vermelha\/hematologia-artigos-de-anemia-falciforme\/\"> <img loading=\"lazy\" decoding=\"async\" class=\"alignnone size-thumbnail wp-image-4995\" src=\"http:\/\/www.ciencianews.com.br\/wp-content\/uploads\/2019\/08\/avancar-150x150.png\" alt=\"avancar\" width=\"70\" height=\"70\" srcset=\"https:\/\/www.ciencianews.com.br\/wp-content\/uploads\/2019\/08\/avancar-150x150.png 150w, https:\/\/www.ciencianews.com.br\/wp-content\/uploads\/2019\/08\/avancar-250x250.png 250w, https:\/\/www.ciencianews.com.br\/wp-content\/uploads\/2019\/08\/avancar.png 256w\" sizes=\"auto, (max-width: 70px) 100vw, 70px\" \/> <\/a><\/p>\n<div style=\"color: #000000; text-align: center; font-size: 15px; font-weight: bold;\"><a href=\"http:\/\/www.ciencianews.com.br\/index.php\/home\/biblioteca_digital\/biblioteca-digital-hematologia\/b-d-hematologia-serie-vermelha\/hematologia-artigos-de-anemia-falciforme\/\">Pr\u00f3ximo T\u00f3pico: &#8220;HEMATOLOGIA \u2013 Anemia Falciforme&#8221;<\/a><\/div>\n<p>[\/ezcol_1third_end]<\/p>\n<\/div>\n","protected":false},"excerpt":{"rendered":"<p>ARTIGOS Escolha o tema de sua prefer\u00eancia: ANEMIA APL\u00c1STICA APLASIA MEDULAR: SUAS PRINCIPAIS CAUSAS E TRATAMENTO CONSIDERA\u00c7\u00d5ES ATUAIS DA ANEMIA DE DIAMOND-BLACKFAN ANEMIA APL\u00c1SICA ANEMIA APL\u00c1STICA ANEMIA APL\u00c1STICA E ESTRESSE MEDULAR. RELA\u00c7\u00c3O COM A ENZIMA TELOMERASE E TEL\u00d4MEROS AN\u00c1LISE DE [&hellip;]<\/p>\n","protected":false},"author":1,"featured_media":0,"parent":5387,"menu_order":0,"comment_status":"closed","ping_status":"closed","template":"","meta":{"_uag_custom_page_level_css":"","_joinchat":[],"footnotes":""},"class_list":["post-5390","page","type-page","status-publish","hentry"],"uagb_featured_image_src":{"full":false,"thumbnail":false,"medium":false,"medium_large":false,"large":false,"1536x1536":false,"2048x2048":false,"post-thumbnail":false,"business-hub-blog":false,"business-hub-work":false},"uagb_author_info":{"display_name":"real","author_link":"https:\/\/www.ciencianews.com.br\/index.php\/author\/real\/"},"uagb_comment_info":0,"uagb_excerpt":"ARTIGOS Escolha o tema de sua prefer\u00eancia: ANEMIA APL\u00c1STICA APLASIA MEDULAR: SUAS PRINCIPAIS CAUSAS E TRATAMENTO CONSIDERA\u00c7\u00d5ES ATUAIS DA ANEMIA DE DIAMOND-BLACKFAN ANEMIA APL\u00c1SICA ANEMIA APL\u00c1STICA ANEMIA APL\u00c1STICA E ESTRESSE MEDULAR. RELA\u00c7\u00c3O COM A ENZIMA TELOMERASE E TEL\u00d4MEROS AN\u00c1LISE DE [&hellip;]","_links":{"self":[{"href":"https:\/\/www.ciencianews.com.br\/index.php\/wp-json\/wp\/v2\/pages\/5390","targetHints":{"allow":["GET"]}}],"collection":[{"href":"https:\/\/www.ciencianews.com.br\/index.php\/wp-json\/wp\/v2\/pages"}],"about":[{"href":"https:\/\/www.ciencianews.com.br\/index.php\/wp-json\/wp\/v2\/types\/page"}],"author":[{"embeddable":true,"href":"https:\/\/www.ciencianews.com.br\/index.php\/wp-json\/wp\/v2\/users\/1"}],"replies":[{"embeddable":true,"href":"https:\/\/www.ciencianews.com.br\/index.php\/wp-json\/wp\/v2\/comments?post=5390"}],"version-history":[{"count":9,"href":"https:\/\/www.ciencianews.com.br\/index.php\/wp-json\/wp\/v2\/pages\/5390\/revisions"}],"predecessor-version":[{"id":7710,"href":"https:\/\/www.ciencianews.com.br\/index.php\/wp-json\/wp\/v2\/pages\/5390\/revisions\/7710"}],"up":[{"embeddable":true,"href":"https:\/\/www.ciencianews.com.br\/index.php\/wp-json\/wp\/v2\/pages\/5387"}],"wp:attachment":[{"href":"https:\/\/www.ciencianews.com.br\/index.php\/wp-json\/wp\/v2\/media?parent=5390"}],"curies":[{"name":"wp","href":"https:\/\/api.w.org\/{rel}","templated":true}]}}