{"id":5412,"date":"2019-09-16T14:06:44","date_gmt":"2019-09-16T14:06:44","guid":{"rendered":"http:\/\/www.ciencianews.com.br\/?page_id=5412"},"modified":"2026-02-05T14:08:48","modified_gmt":"2026-02-05T14:08:48","slug":"artigos-de-hematologia-anemia-ferropriva","status":"publish","type":"page","link":"https:\/\/www.ciencianews.com.br\/index.php\/home\/biblioteca_digital\/biblioteca-digital-hematologia\/b-d-hematologia-serie-vermelha\/biblioteca-digital-hematologia-anemia-ferropriva\/artigos-de-hematologia-anemia-ferropriva\/","title":{"rendered":"ARTIGOS DE HEMATOLOGIA \u2013 Anemia Ferropriva"},"content":{"rendered":"<h1 align=\"center\"><span style=\"color: #000000;\"><strong> ARTIGOS <\/strong><\/span><\/h1>\n<p><strong>Escolha o tema de sua prefer\u00eancia:<\/strong><\/p>\n<ol>\n<li style=\"list-style-type: none;\">\n<ol>\n<li><strong><a title=\"IDOSOS COM ANEMIA POR DEFICI\u00caNCIA DE FERRO\" href=\"http:\/\/www.ciencianews.com.br\/arquivos\/ACET\/IMAGENS\/biblioteca-digital\/hematologia\/serie_vermelha\/anemia_ferropriva\/1.pdf\" target=\"_blank\" rel=\"noopener noreferrer\">IDOSOS COM ANEMIA POR DEFICI\u00caNCIA DE FERRO<\/a><\/strong><\/li>\n<li><strong><a title=\"ANEMIA FERROPRIVA NA POPULA\u00c7\u00c3O DE PEDRO JUAN CABALLERO - PY\" href=\"http:\/\/www.ciencianews.com.br\/arquivos\/ACET\/IMAGENS\/biblioteca-digital\/hematologia\/serie_vermelha\/anemia_ferropriva\/2.pdf\" target=\"_blank\" rel=\"noopener noreferrer\">ANEMIA FERROPRIVA NA POPULA\u00c7\u00c3O DE PEDRO JUAN CABALLERO &#8211; PY <\/a><\/strong><\/li>\n<li><strong><a title=\"ANEMIA FERROPRIVA NA INF\u00c2NCIA\" href=\"http:\/\/www.ciencianews.com.br\/arquivos\/ACET\/IMAGENS\/biblioteca-digital\/hematologia\/serie_vermelha\/anemia_ferropriva\/3.pdf\" target=\"_blank\" rel=\"noopener noreferrer\">ANEMIA FERROPRIVA NA INF\u00c2NCIA<\/a><\/strong><\/li>\n<li><strong><a title=\"ANEMIA FERROPRIVA: UMA DEFICI\u00caNCIA PREVALENTE NA INF\u00c2NCIA\" href=\"http:\/\/www.ciencianews.com.br\/arquivos\/ACET\/IMAGENS\/biblioteca-digital\/hematologia\/serie_vermelha\/anemia_ferropriva\/4.pdf\" target=\"_blank\" rel=\"noopener noreferrer\">ANEMIA FERROPRIVA: UMA DEFICI\u00caNCIA PREVALENTE NA INF\u00c2NCIA<\/a><\/strong><\/li>\n<li><strong><a title=\" PREVAL\u00caNCIA E FATORES DETERMINANTES DE ANEMIA FERROPRIVA EM CRIAN\u00c7AS DE 0 A 5 ANOS\" href=\"http:\/\/www.ciencianews.com.br\/arquivos\/ACET\/IMAGENS\/biblioteca-digital\/hematologia\/serie_vermelha\/anemia_ferropriva\/5.pdf\" target=\"_blank\" rel=\"noopener noreferrer\"> PREVAL\u00caNCIA E FATORES DETERMINANTES DE ANEMIA FERROPRIVA EM CRIAN\u00c7AS DE 0 A 5 ANOS <\/a><\/strong><\/li>\n<li><strong><a title=\"ANEMIA FERROPRIVA DIST\u00daRBIOS DO METABOLISMO PELA FALTA DE FERRO\" href=\"http:\/\/www.ciencianews.com.br\/arquivos\/ACET\/IMAGENS\/biblioteca-digital\/hematologia\/serie_vermelha\/anemia_ferropriva\/6.pdf\" target=\"_blank\" rel=\"noopener noreferrer\">ANEMIA FERROPRIVA DIST\u00daRBIOS DO METABOLISMO PELA FALTA DE FERRO<\/a><\/strong><\/li>\n<li><strong><a title=\"PREVAL\u00caNCIA DE ANEMIA FERROPRIVA EM CRIAN\u00c7AS DA CIDADE DE SELBAH\/RS\" href=\"http:\/\/www.ciencianews.com.br\/arquivos\/ACET\/IMAGENS\/biblioteca-digital\/hematologia\/serie_vermelha\/anemia_ferropriva\/7.pdf\" target=\"_blank\" rel=\"noopener noreferrer\">PREVAL\u00caNCIA DE ANEMIA FERROPRIVA EM CRIAN\u00c7AS DA CIDADE DE SELBAH\/RS <\/a><\/strong><\/li>\n<li><strong><a title=\"ANEMIA FERROPRIVA ASSOCIADA A PARASITOSE\" href=\"http:\/\/www.ciencianews.com.br\/arquivos\/ACET\/IMAGENS\/biblioteca-digital\/hematologia\/serie_vermelha\/anemia_ferropriva\/8.pdf\" target=\"_blank\" rel=\"noopener noreferrer\">ANEMIA FERROPRIVA ASSOCIADA A PARASITOSE<\/a><\/strong><\/li>\n<li><strong><a title=\" A DEFICI\u00caNCIA DE FERRO EM PACIENTES COM DOEN\u00c7A RENAL CR\u00d4NICA\" href=\"http:\/\/www.ciencianews.com.br\/arquivos\/ACET\/IMAGENS\/biblioteca-digital\/hematologia\/serie_vermelha\/anemia_ferropriva\/9.pdf\" target=\"_blank\" rel=\"noopener noreferrer\"> A DEFICI\u00caNCIA DE FERRO EM PACIENTES COM DOEN\u00c7A RENAL CR\u00d4NICA <\/a><\/strong><\/li>\n<li><strong><a title=\" ANEMIA FERROPRIVA EM GESTANTES\" href=\"http:\/\/www.ciencianews.com.br\/arquivos\/ACET\/IMAGENS\/biblioteca-digital\/hematologia\/serie_vermelha\/anemia_ferropriva\/10.pdf\" target=\"_blank\" rel=\"noopener noreferrer\"> ANEMIA FERROPRIVA EM GESTANTES <\/a><\/strong><\/li>\n<li><strong><a title=\"IDOSOS COM ANEMIA POR DEFICI\u00caNCIA DE FERRO\" href=\"http:\/\/www.ciencianews.com.br\/arquivos\/ACET\/IMAGENS\/biblioteca-digital\/hematologia\/serie_vermelha\/anemia_ferropriva\/11.pdf\" target=\"_blank\" rel=\"noopener noreferrer\">IDOSOS COM ANEMIA POR DEFICI\u00caNCIA DE FERRO <\/a><\/strong><\/li>\n<li><strong><a title=\"ANEMIA FERROPRIVA- METABOLISMO DO FERRO\" href=\"http:\/\/www.ciencianews.com.br\/arquivos\/ACET\/IMAGENS\/biblioteca-digital\/hematologia\/serie_vermelha\/anemia_ferropriva\/12.pdf\" target=\"_blank\" rel=\"noopener noreferrer\">ANEMIA FERROPRIVA- METABOLISMO DO FERRO<\/a><\/strong><\/li>\n<li><strong><a title=\"ANEMIA FERROPRIVA EM GESTANTES E USO DA SUPLEMENTA\u00c7\u00c3O DE FERRO\" href=\"http:\/\/www.ciencianews.com.br\/arquivos\/ACET\/IMAGENS\/biblioteca-digital\/hematologia\/serie_vermelha\/anemia_ferropriva\/13.pdf\" target=\"_blank\" rel=\"noopener noreferrer\">ANEMIA FERROPRIVA EM GESTANTES E USO DA SUPLEMENTA\u00c7\u00c3O DE FERRO<\/a><\/strong><\/li>\n<li><strong><a title=\"ANEMIA FERROPRIVA: UMA REVIS\u00c3O\" href=\"http:\/\/www.ciencianews.com.br\/arquivos\/ACET\/IMAGENS\/biblioteca-digital\/hematologia\/serie_vermelha\/anemia_ferropriva\/14.pdf\" target=\"_blank\" rel=\"noopener noreferrer\">ANEMIA FERROPRIVA: UMA REVIS\u00c3O <\/a><\/strong><\/li>\n<li><strong><a title=\"ANEMIA FERROPRIVA EM GESTANTES E CRIAN\u00c7AS\" href=\"http:\/\/www.ciencianews.com.br\/arquivos\/ACET\/IMAGENS\/biblioteca-digital\/hematologia\/serie_vermelha\/anemia_ferropriva\/15.pdf\" target=\"_blank\" rel=\"noopener noreferrer\">ANEMIA FERROPRIVA EM GESTANTES E CRIAN\u00c7AS <\/a><\/strong><\/li>\n<li><strong><a title=\"ANEMIA FERROPRIVA EM CRIAN\u00c7AS\" href=\"http:\/\/www.ciencianews.com.br\/arquivos\/ACET\/IMAGENS\/biblioteca-digital\/hematologia\/serie_vermelha\/anemia_ferropriva\/16.pdf\" target=\"_blank\" rel=\"noopener noreferrer\">ANEMIA FERROPRIVA EM CRIAN\u00c7AS <\/a><\/strong><\/li>\n<li><strong><a title=\"ANEMIA FERROPRIVA EM GESTANTES: UMA REVIS\u00c3O\" href=\"http:\/\/www.ciencianews.com.br\/arquivos\/ACET\/IMAGENS\/biblioteca-digital\/hematologia\/serie_vermelha\/anemia_ferropriva\/17.pdf\" target=\"_blank\" rel=\"noopener noreferrer\">ANEMIA FERROPRIVA EM GESTANTES: UMA REVIS\u00c3O <\/a><\/strong><\/li>\n<li><strong><a title=\"ANEMIA FERROPRIVA: DIAGN\u00d3STICO LABORATORIAL\" href=\"http:\/\/www.ciencianews.com.br\/arquivos\/ACET\/IMAGENS\/biblioteca-digital\/hematologia\/serie_vermelha\/anemia_ferropriva\/18.pdf\" target=\"_blank\" rel=\"noopener noreferrer\">ANEMIA FERROPRIVA: DIAGN\u00d3STICO LABORATORIAL<\/a><\/strong><\/li>\n<li><strong><a title=\"DIAGN\u00d3STICO LABORATORIAL DA DEFICI\u00caNCIA DE FERRO\" href=\"http:\/\/www.ciencianews.com.br\/arquivos\/ACET\/IMAGENS\/biblioteca-digital\/hematologia\/serie_vermelha\/anemia_ferropriva\/19.pdf\" target=\"_blank\" rel=\"noopener noreferrer\">DIAGN\u00d3STICO LABORATORIAL DA DEFICI\u00caNCIA DE FERRO <\/a><\/strong><\/li>\n<li><strong><a title=\"DIAGN\u00d3STICO DA ANEMIA FERROPRIVA EM CRIAN\u00c7AS\" href=\"http:\/\/www.ciencianews.com.br\/arquivos\/ACET\/IMAGENS\/biblioteca-digital\/hematologia\/serie_vermelha\/anemia_ferropriva\/20.pdf\" target=\"_blank\" rel=\"noopener noreferrer\">DIAGN\u00d3STICO DA ANEMIA FERROPRIVA EM CRIAN\u00c7AS <\/a><\/strong><\/li>\n<li><strong><a title=\"Anemia Ferropriva\" href=\"http:\/\/www.ciencianews.com.br\/arquivos\/ACET\/IMAGENS\/biblioteca-digital\/hematologia\/serie_vermelha\/anemia_ferropriva\/21.pdf\" target=\"_blank\" rel=\"noopener noreferrer\">Anemia Ferropriva <\/a><\/strong><\/li>\n<li><strong><a title=\"ANEMIA FERROPRIVA \u2013 ASP\u00c9CTOS GERAIS, MEDIDAS NUTRICIONAIS E TRATAMENTO\" href=\"http:\/\/www.ciencianews.com.br\/arquivos\/ACET\/IMAGENS\/biblioteca-digital\/hematologia\/serie_vermelha\/anemia_ferropriva\/22.pdf\" target=\"_blank\" rel=\"noopener noreferrer\">ANEMIA FERROPRIVA \u2013 ASP\u00c9CTOS GERAIS, MEDIDAS NUTRICIONAIS E TRATAMENTO <\/a><\/strong><\/li>\n<li><strong><a title=\" ESTUDO DO METABOLISMO DO FERRO\" href=\"http:\/\/www.ciencianews.com.br\/arquivos\/ACET\/IMAGENS\/biblioteca-digital\/hematologia\/serie_vermelha\/anemia_ferropriva\/23.pdf\" target=\"_blank\" rel=\"noopener noreferrer\"> ESTUDO DO METABOLISMO DO FERRO<\/a><\/strong><\/li>\n<li><strong><a title=\"ANEMIA FERROPRIVA EM CRIAN\u00c7AS\" href=\"http:\/\/www.ciencianews.com.br\/arquivos\/ACET\/IMAGENS\/biblioteca-digital\/hematologia\/serie_vermelha\/anemia_ferropriva\/24.pdf\" target=\"_blank\" rel=\"noopener noreferrer\">ANEMIA FERROPRIVA EM CRIAN\u00c7AS<\/a><\/strong><\/li>\n<li><strong><a title=\"ANEMIA FERROPRIVA : COMO DIFERENCI\u00c1-LA DE OUTRAS ANEMIAS MICROC\u00cdTICAS E HIPOCR\u00d4MICAS\" href=\"http:\/\/www.ciencianews.com.br\/arquivos\/ACET\/IMAGENS\/biblioteca-digital\/hematologia\/serie_vermelha\/anemia_ferropriva\/25.pdf\" target=\"_blank\" rel=\"noopener noreferrer\">ANEMIA FERROPRIVA : COMO DIFERENCI\u00c1-LA DE OUTRAS ANEMIAS MICROC\u00cdTICAS E HIPOCR\u00d4MICAS <\/a><\/strong><\/li>\n<li><strong><a title=\" METABOLISMO DO FERRO E AVALIA\u00c7\u00c3O LABORATORIAL\" href=\"http:\/\/www.ciencianews.com.br\/arquivos\/ACET\/IMAGENS\/biblioteca-digital\/hematologia\/serie_vermelha\/anemia_ferropriva\/26.pdf\" target=\"_blank\" rel=\"noopener noreferrer\"> METABOLISMO DO FERRO E AVALIA\u00c7\u00c3O LABORATORIAL<\/a><\/strong><\/li>\n<li><strong><a title=\"DEFICI\u00caNCIA DE FERRO EM CRIAN\u00c7AS\" href=\"http:\/\/www.ciencianews.com.br\/arquivos\/ACET\/IMAGENS\/biblioteca-digital\/hematologia\/serie_vermelha\/anemia_ferropriva\/27.pdf\" target=\"_blank\" rel=\"noopener noreferrer\"> DEFICI\u00caNCIA DE FERRO EM CRIAN\u00c7AS <\/a><\/strong><\/li>\n<li><strong><a title=\"ANEMIA FERROPRIVA\" href=\"http:\/\/www.ciencianews.com.br\/arquivos\/ACET\/IMAGENS\/biblioteca-digital\/hematologia\/serie_vermelha\/anemia_ferropriva\/28.pdf\" target=\"_blank\" rel=\"noopener noreferrer\"> ANEMIA FERROPRIVA <\/a><\/strong><\/li>\n<li><strong><a title=\"TRATAMENTO DA ANEMIA FERROPRIVA POR VIA ORAL\" href=\"http:\/\/www.ciencianews.com.br\/arquivos\/ACET\/IMAGENS\/biblioteca-digital\/hematologia\/serie_vermelha\/anemia_ferropriva\/29.pdf\" target=\"_blank\" rel=\"noopener noreferrer\">TRATAMENTO DA ANEMIA FERROPRIVA POR VIA ORAL<\/a><\/strong><\/li>\n<li><strong><a title=\"ANEMIA FERROPRIVA NA POPULA\u00c7\u00c3O INFANTIL BRASILEIRA\" href=\"http:\/\/www.ciencianews.com.br\/arquivos\/ACET\/IMAGENS\/biblioteca-digital\/hematologia\/serie_vermelha\/anemia_ferropriva\/30.pdf\" target=\"_blank\" rel=\"noopener noreferrer\">ANEMIA FERROPRIVA NA POPULA\u00c7\u00c3O INFANTIL BRASILEIRA <\/a><\/strong><\/li>\n<li><strong><a title=\"ANEMIA FERROPRIVA \u2013 DISTURBIO DO METABOLISMO DE FERRO\" href=\"http:\/\/www.ciencianews.com.br\/arquivos\/ACET\/IMAGENS\/biblioteca-digital\/hematologia\/serie_vermelha\/anemia_ferropriva\/31.pdf\" target=\"_blank\" rel=\"noopener noreferrer\">ANEMIA FERROPRIVA \u2013 DISTURBIO DO METABOLISMO DE FERRO <\/a><\/strong><\/li>\n<li><strong><a title=\"ANEMIA FERROPRIVA\" href=\"http:\/\/www.ciencianews.com.br\/arquivos\/ACET\/IMAGENS\/biblioteca-digital\/hematologia\/serie_vermelha\/anemia_ferropriva\/32.pdf\" target=\"_blank\" rel=\"noopener noreferrer\">ANEMIA FERROPRIVA <\/a><\/strong><\/li>\n<li><strong><a title=\"ANEMIA FERROPRIVA: DIAGN\u00d3STICOS LABORATORIAIS\" href=\"http:\/\/www.ciencianews.com.br\/arquivos\/ACET\/IMAGENS\/biblioteca-digital\/hematologia\/serie_vermelha\/anemia_ferropriva\/33.pdf\" target=\"_blank\" rel=\"noopener noreferrer\">ANEMIA FERROPRIVA: DIAGN\u00d3STICOS LABORATORIAIS <\/a><\/strong><\/li>\n<li><strong><a title=\"ANEMIA FERROPRIVA: UMA DEFICI\u00caNCIA PREVALENTE NA INF\u00c2NCIA\" href=\"http:\/\/www.ciencianews.com.br\/arquivos\/ACET\/IMAGENS\/biblioteca-digital\/hematologia\/serie_vermelha\/anemia_ferropriva\/34.pdf\" target=\"_blank\" rel=\"noopener noreferrer\">ANEMIA FERROPRIVA: UMA DEFICI\u00caNCIA PREVALENTE NA INF\u00c2NCIA<\/a><\/strong><\/li>\n<li><strong><a title=\"ANEMIA FERROPRIVA\" href=\"http:\/\/www.ciencianews.com.br\/arquivos\/ACET\/IMAGENS\/biblioteca-digital\/hematologia\/serie_vermelha\/anemia_ferropriva\/35.pdf\" target=\"_blank\" rel=\"noopener noreferrer\">ANEMIA FERROPRIVA <\/a><\/strong><\/li>\n<li><strong><a title=\"ANEMIA FERROPRIVA: PREVAL\u00caNCIA E ESTRAT\u00c9GIAS DE PREVEN\u00c7\u00c3O E CONTROLE\" href=\"http:\/\/www.ciencianews.com.br\/arquivos\/ACET\/IMAGENS\/biblioteca-digital\/hematologia\/serie_vermelha\/anemia_ferropriva\/36.pdf\" target=\"_blank\" rel=\"noopener noreferrer\">ANEMIA FERROPRIVA: PREVAL\u00caNCIA E ESTRAT\u00c9GIAS DE PREVEN\u00c7\u00c3O E CONTROLE <\/a><\/strong><\/li>\n<li><strong><a title=\"AVALIA\u00c7\u00c3O DA ANEMIA FERROPRIVA E SEUS MARCADORES LABORATORIAIS: UMA ABORDAGEM ATUALIZADA BASEADA EM EVID\u00caNCIAS\" href=\"http:\/\/www.ciencianews.com.br\/arquivos\/ACET\/IMAGENS\/biblioteca-digital\/hematologia\/serie_vermelha\/anemia_ferropriva\/37.pdf\" target=\"_blank\" rel=\"noopener noreferrer\">AVALIA\u00c7\u00c3O DA ANEMIA FERROPRIVA E SEUS MARCADORES LABORATORIAIS: UMA ABORDAGEM ATUALIZADA BASEADA EM EVID\u00caNCIAS <\/a><\/strong><\/li>\n<li><strong><a title=\"TRATAMENTO FARMACOL\u00d3GICO DA ANEMIA FERROPRIVA\" href=\"http:\/\/www.ciencianews.com.br\/arquivos\/ACET\/IMAGENS\/biblioteca-digital\/hematologia\/serie_vermelha\/anemia_ferropriva\/38.pdf\" target=\"_blank\" rel=\"noopener noreferrer\">TRATAMENTO FARMACOL\u00d3GICO DA ANEMIA FERROPRIVA <\/a><\/strong><\/li>\n<li><strong><a title=\"ANEMIA FERROPRIVA NA INF\u00c2NCIA: UMA BREVE REVIS\u00c3O\" href=\"http:\/\/www.ciencianews.com.br\/arquivos\/ACET\/IMAGENS\/biblioteca-digital\/hematologia\/serie_vermelha\/anemia_ferropriva\/39.pdf\" target=\"_blank\" rel=\"noopener noreferrer\"> ANEMIA FERROPRIVA NA INF\u00c2NCIA: UMA BREVE REVIS\u00c3O <\/a><\/strong><\/li>\n<li><strong><a title=\"ANEMIA FERROPRIVA: UM PROBLEMA QUE ATINGE TODAS AS FAIXAS ET\u00c1RIAS\" href=\"http:\/\/www.ciencianews.com.br\/arquivos\/ACET\/IMAGENS\/biblioteca-digital\/hematologia\/serie_vermelha\/anemia_ferropriva\/40.pdf\" target=\"_blank\" rel=\"noopener noreferrer\">ANEMIA FERROPRIVA: UM PROBLEMA QUE ATINGE TODAS AS FAIXAS ET\u00c1RIAS<\/a><\/strong><\/li>\n<li><strong><a title=\" METABOLISMO DO FERRO E ERITROPOIESE\" href=\"http:\/\/www.ciencianews.com.br\/arquivos\/ACET\/IMAGENS\/biblioteca-digital\/hematologia\/serie_vermelha\/anemia_ferropriva\/41.pdf\" target=\"_blank\" rel=\"noopener noreferrer\"> METABOLISMO DO FERRO E ERITROPOIESE<\/a><\/strong><\/li>\n<li><strong><a title=\"ANEMIA FERROPRIVA EM CRIAN\u00c7AS\" href=\"http:\/\/www.ciencianews.com.br\/arquivos\/ACET\/IMAGENS\/biblioteca-digital\/hematologia\/serie_vermelha\/anemia_ferropriva\/42.pdf\" target=\"_blank\" rel=\"noopener noreferrer\">ANEMIA FERROPRIVA EM CRIAN\u00c7AS <\/a><\/strong><\/li>\n<li><strong><a title=\"ANEMIA FERROPRIVA\" href=\"http:\/\/www.ciencianews.com.br\/arquivos\/ACET\/IMAGENS\/biblioteca-digital\/hematologia\/serie_vermelha\/anemia_ferropriva\/43.pdf\" target=\"_blank\" rel=\"noopener noreferrer\">ANEMIA FERROPRIVA<\/a><\/strong><\/li>\n<li><strong><a title=\"TRATAMENTO FARMACOL\u00d3GICO DA ANEMIA FERROPRIVA\" href=\"http:\/\/www.ciencianews.com.br\/arquivos\/ACET\/IMAGENS\/biblioteca-digital\/hematologia\/serie_vermelha\/anemia_ferropriva\/44.pdf\" target=\"_blank\" rel=\"noopener noreferrer\">TRATAMENTO FARMACOL\u00d3GICO DA ANEMIA FERROPRIVA<\/a><\/strong><\/li>\n<li><strong><a title=\"ANEMIA FERROPRIVA NA INF\u00c2NCIA: UMA BREVE REVIS\u00c3O\" href=\"http:\/\/www.ciencianews.com.br\/arquivos\/ACET\/IMAGENS\/biblioteca-digital\/hematologia\/serie_vermelha\/anemia_ferropriva\/45.pdf\" target=\"_blank\" rel=\"noopener noreferrer\">ANEMIA FERROPRIVA NA INF\u00c2NCIA: UMA BREVE REVIS\u00c3O<\/a><\/strong><\/li>\n<li><strong><a title=\"ANEMIA FERROPRIVA: UM PROBLEMA QUE ATINGE TODAS AS FAIXAS ET\u00c1RIAS\" href=\"http:\/\/www.ciencianews.com.br\/arquivos\/ACET\/IMAGENS\/biblioteca-digital\/hematologia\/serie_vermelha\/anemia_ferropriva\/46.pdf\" target=\"_blank\" rel=\"noopener noreferrer\">ANEMIA FERROPRIVA: UM PROBLEMA QUE ATINGE TODAS AS FAIXAS ET\u00c1RIAS <\/a><\/strong><\/li>\n<li><strong><a title=\" METABOLISMO DO FERRO E ERITROPOIESE\" href=\"http:\/\/www.ciencianews.com.br\/arquivos\/ACET\/IMAGENS\/biblioteca-digital\/hematologia\/serie_vermelha\/anemia_ferropriva\/47.pdf\" target=\"_blank\" rel=\"noopener noreferrer\"> METABOLISMO DO FERRO E ERITROPOIESE <\/a><\/strong><\/li>\n<li><strong><a title=\"ANEMIA FERROPRIVA\" href=\"http:\/\/www.ciencianews.com.br\/arquivos\/ACET\/IMAGENS\/biblioteca-digital\/hematologia\/serie_vermelha\/anemia_ferropriva\/48.pdf\" target=\"_blank\" rel=\"noopener noreferrer\">ANEMIA FERROPRIVA <\/a><\/strong><\/li>\n<li><strong><a title=\"ANEMIA FERROPRIVA\" href=\"http:\/\/www.ciencianews.com.br\/arquivos\/ACET\/IMAGENS\/biblioteca-digital\/hematologia\/serie_vermelha\/anemia_ferropriva\/49.pdf\" target=\"_blank\" rel=\"noopener noreferrer\">ANEMIA FERROPRIVA<\/a><\/strong><\/li>\n<li><strong><a title=\"ANEMIA FERROPRIVA NO MUNIC\u00cdPIO DE MONTE APRAZ\u00cdVEL- SP\" href=\"http:\/\/www.ciencianews.com.br\/arquivos\/ACET\/IMAGENS\/biblioteca-digital\/hematologia\/serie_vermelha\/anemia_ferropriva\/50.pdf\" target=\"_blank\" rel=\"noopener noreferrer\">ANEMIA FERROPRIVA NO MUNIC\u00cdPIO DE MONTE APRAZ\u00cdVEL- SP<\/a><\/strong><\/li>\n<li><strong><a title=\"ANEMIA FERROPRIVA\" href=\"http:\/\/www.ciencianews.com.br\/arquivos\/ACET\/IMAGENS\/biblioteca-digital\/hematologia\/serie_vermelha\/anemia_ferropriva\/51.pdf\" target=\"_blank\" rel=\"noopener noreferrer\">ANEMIA FERROPRIVA<\/a><\/strong><\/li>\n<li><strong><a title=\"PAR\u00c2METROS LABORATORIAIS PARA INVESTIGAR FERROPENIA\" href=\"http:\/\/www.ciencianews.com.br\/arquivos\/ACET\/IMAGENS\/biblioteca-digital\/hematologia\/serie_vermelha\/anemia_ferropriva\/52.pdf\" target=\"_blank\" rel=\"noopener noreferrer\">PAR\u00c2METROS LABORATORIAIS PARA INVESTIGAR FERROPENIA<\/a><\/strong><\/li>\n<li><strong><a href=\"http:\/\/www.ciencianews.com.br\/arquivos\/ACET\/IMAGENS\/biblioteca-digital\/hematologia\/serie_vermelha\/anemia_ferropriva\/TCC Thainara Leme Silva \u2013 Hematologia \u2013 S\u00e9rie vermelha \u2013 Anemia ferropriva.pdf\" target=\"_blank\" rel=\"noopener noreferrer\" data-wplink-url-error=\"true\">ANEMIA NORMOC\u00cdTICA E NORMOCR\u00d4MICA RELACIONADA A INSUFICI\u00caNCIA RENAL CR\u00d4NICA<\/a><\/strong><\/li>\n<li><a href=\"https:\/\/www.ciencianews.com.br\/arquivos\/ACET\/IMAGENS\/biblioteca-digital\/hematologia\/serie_vermelha\/anemia_ferropriva\/ANEMIA%20FERROPRIVA%20CAUSAS,%20SINTOMAS,%20TRATAMENTO%20E%20%20-%20Max%20Eduardo%20Paniz.pdf\"><strong>ANEMIA FERROPRIVA CAUSAS, SINTOMAS, TRATAMENTO E PREVEN\u00c7\u00c3O<\/strong><\/a><\/li>\n<li><a href=\"https:\/\/www.ciencianews.com.br\/arquivos\/ACET\/IMAGENS\/biblioteca-digital\/hematologia\/serie_vermelha\/anemia_ferropriva\/DIAGN%C3%93STICO%20DIFERENCIAL%20ENTRE%20ANEMIA%20FERROPRIVA%20E%20%20TALASSEMIAS%20MENORES%20-%20Kariny%20Louize%20Lopes.pdf\"><strong>DIAGN\u00d3STICO DIFERENCIAL ENTRE ANEMIA FERROPRIVA E TALASSEMIAS MENORES<\/strong><\/a><\/li>\n<li><a href=\"https:\/\/www.ciencianews.com.br\/arquivos\/ACET\/IMAGENS\/biblioteca-digital\/hematologia\/serie_vermelha\/anemia_ferropriva\/DIAGN%C3%93STICO%20LABORATORIAL%20DA%20ANEMIA%20FERROP%C3%8ANICA%20-%20Ja%C3%ADne%20P%C3%A2mela%20Soares%20de%20Paula.pdf\"><strong>DIAGN\u00d3STICO LABORATORIAL DA ANEMIA FERROP\u00caNICA<\/strong><\/a><\/li>\n<li><a href=\"https:\/\/www.ciencianews.com.br\/arquivos\/ACET\/IMAGENS\/biblioteca-digital\/hematologia\/serie_vermelha\/anemia_ferropriva\/HEPCDINA%20-%20Principal%20regulador%20sist%C3%AAmico%20da%20homeostase%20-%20Rithely%20Dami%C3%A3o%20Canedo.pdf\"><strong>HEPCDINA &#8211; PRINCIPAL REGULADOR SIST\u00caMICO DA HOMEOSTASE DO FERRO<\/strong><\/a><\/li>\n<li><a href=\"https:\/\/ciencianews.com.br\/arquivos\/ACET\/IMAGENS\/biblioteca-digital\/hematologia\/serie_vermelha\/anemia_ferropriva\/2023-Anemia%20ferropriva%20e%20parasitoses%20intestinais,%20suas%20rela%C3%A7%C3%B5es%20e%20altera%C3%A7%C3%B5es%20hematol%C3%B3gicas%20-%20Poliana%20Rezende%20de%20Castro.pdf\"><strong>ANEMIA FERROPRIVA E PARASITOSES INTESTINAIS, SUAS RELA\u00c7\u00d5ES E ALTERA\u00c7\u00d5ES HEMATOL\u00d3GICAS<\/strong><\/a><\/li>\n<li><a href=\"https:\/\/ciencianews.com.br\/arquivos\/ACET\/IMAGENS\/biblioteca-digital\/hematologia\/serie_vermelha\/anemia_ferropriva\/2023-Multicausalidade%20da%20anemia%20ferropriva%20-%20Camila%20Aparecida%20Ferreira%20Zulato.pdf\"><strong>MULTICAUSALIDADE DA ANEMIA FERROPRIVA<\/strong><\/a><\/li>\n<li><a href=\"https:\/\/ciencianews.com.br\/arquivos\/ACET\/IMAGENS\/biblioteca-digital\/hematologia\/serie_vermelha\/anemia_ferropriva\/2023-Revis%C3%A3o%20de%20literatura%20sobre%20anemia%20ferropriva%20-%20Julia%20Haiana%20Wachholz.pdf\"><strong>REVIS\u00c3O DE LITERATURA SOBRE ANEMIA FERROPRIVA<\/strong><\/a><\/li>\n<li><a href=\"https:\/\/ciencianews.com.br\/arquivos\/ACET\/IMAGENS\/biblioteca-digital\/hematologia\/serie_vermelha\/anemia_ferropriva\/61_DALETE%20LIMA%20FIRMIANO%20ARAUJO%20-%20ANEMIA%20FERROPRIVA.pdf\"><strong>DIAGN\u00d3STICO PRECOCE E TRATAMENTO DA ANEMIA FERROPRIVA EM CRIAN\u00c7AS E ADULTOS: ABORDAGENS CL\u00cdNICAS E LABORATORIAIS<\/strong><\/a><\/li>\n<li><a href=\"https:\/\/ciencianews.com.br\/arquivos\/ACET\/IMAGENS\/biblioteca-digital\/hematologia\/serie_vermelha\/anemia_ferropriva\/2026_Anemia_Ferropriva_Uma%20revis%C3%A3o_de_literatura.pdf\" target=\"_blank\" rel=\"noopener\"><strong>ANEMIA FERROPRIVA: UMA REVIS\u00c3O DE LITERATURA<\/strong><\/a><\/li>\n<li><a href=\"https:\/\/ciencianews.com.br\/arquivos\/ACET\/IMAGENS\/biblioteca-digital\/hematologia\/serie_vermelha\/anemia_ferropriva\/2026_ANEMIA_FERROPRIVA_revis%C3%A3o.pdf\" target=\"_blank\" rel=\"noopener\"><strong>ANEMIA FERROPRIVA: REVIS\u00c3O DE LITERATURA<\/strong><\/a><\/li>\n<li><a href=\"https:\/\/ciencianews.com.br\/arquivos\/ACET\/IMAGENS\/biblioteca-digital\/hematologia\/serie_vermelha\/anemia_ferropriva\/2026_ANEMIA_FERROPRIVA_FATORES_DE_RISCO_E_DETERMINANTES_SOCIOECONOMICOS.pdf\" target=\"_blank\" rel=\"noopener\"><strong>ANEMIA FERROPRIVA: FATORES DE RISCO E DETERMINANTES SOCIOECON\u00d4MICOS<\/strong><\/a><\/li>\n<li><a href=\"https:\/\/ciencianews.com.br\/arquivos\/ACET\/IMAGENS\/biblioteca-digital\/hematologia\/serie_vermelha\/anemia_ferropriva\/2026_Anemia_ferropriva_Diag_laboratorial_e_import%C3%A2ncia_clinica.pdf\" target=\"_blank\" rel=\"noopener\"><strong>ANEMIA FERROPRIVA: DIAGN\u00d3STICO LABORATORIAL E IMPORT\u00c2NCIA CL\u00cdNICA<\/strong><\/a><\/li>\n<li><a href=\"https:\/\/ciencianews.com.br\/arquivos\/ACET\/IMAGENS\/biblioteca-digital\/hematologia\/serie_vermelha\/anemia_ferropriva\/2026_Anemia_Ferropriva_Aspectos_clinicos_fisiopatologicos_diag_e_terapeuticos.pdf\" target=\"_blank\" rel=\"noopener\"><strong>ANEMIA FERROPRIVA: ASPECTOS CL\u00cdNICOS, FISIOPATOL\u00d3GICOS, DIAGN\u00d3STICOS E TERAP\u00caUTICOS<\/strong><\/a><\/li>\n<\/ol>\n<\/li>\n<\/ol>\n<div style=\"text-align: center;\">\n<p>[ezcol_1third]<br \/>\n<a href=\"http:\/\/www.ciencianews.com.br\/index.php\/home\/biblioteca_digital\/biblioteca-digital-hematologia\/b-d-hematologia-serie-vermelha\/biblioteca-digital-hematologia-anemia-ferropriva\/\"> <img loading=\"lazy\" decoding=\"async\" class=\"alignnone size-thumbnail wp-image-4997\" src=\"http:\/\/www.ciencianews.com.br\/wp-content\/uploads\/2019\/08\/voltar-150x150.png\" alt=\"voltar\" width=\"70\" height=\"70\" srcset=\"https:\/\/www.ciencianews.com.br\/wp-content\/uploads\/2019\/08\/voltar-150x150.png 150w, https:\/\/www.ciencianews.com.br\/wp-content\/uploads\/2019\/08\/voltar-250x250.png 250w, https:\/\/www.ciencianews.com.br\/wp-content\/uploads\/2019\/08\/voltar.png 256w\" sizes=\"auto, (max-width: 70px) 100vw, 70px\" \/> <\/a><\/p>\n<div style=\"color: #000000; text-align: center; font-size: 15px; font-weight: bold;\"><a href=\"http:\/\/www.ciencianews.com.br\/index.php\/home\/biblioteca_digital\/biblioteca-digital-hematologia\/b-d-hematologia-serie-vermelha\/biblioteca-digital-hematologia-anemia-ferropriva\/\">Voltar<\/a><\/div>\n<p>[\/ezcol_1third]<br \/>\n[ezcol_1third]<br \/>\n<a href=\"http:\/\/www.ciencianews.com.br\/index.php\/home\/biblioteca_digital\/\"> <img loading=\"lazy\" decoding=\"async\" class=\"alignnone size-thumbnail wp-image-4996\" src=\"http:\/\/www.ciencianews.com.br\/wp-content\/uploads\/2019\/08\/home-150x150.jpg\" alt=\"home\" width=\"70\" height=\"70\" srcset=\"https:\/\/www.ciencianews.com.br\/wp-content\/uploads\/2019\/08\/home-150x150.jpg 150w, https:\/\/www.ciencianews.com.br\/wp-content\/uploads\/2019\/08\/home.jpg 225w\" sizes=\"auto, (max-width: 70px) 100vw, 70px\" \/> <\/a><\/p>\n<div style=\"color: #000000; text-align: center; font-size: 15px; font-weight: bold;\"><a href=\"http:\/\/www.ciencianews.com.br\/index.php\/home\/biblioteca_digital\/\">Biblioteca Digital<\/a><\/div>\n<p>[\/ezcol_1third]<br \/>\n[ezcol_1third_end]<br \/>\n<a href=\"http:\/\/www.ciencianews.com.br\/index.php\/home\/biblioteca_digital\/biblioteca-digital-hematologia\/b-d-hematologia-serie-vermelha\/biblioteca-digital-hematologia-anemia-hemolitica-autoimune-e-hpn\/\"> <img loading=\"lazy\" decoding=\"async\" class=\"alignnone size-thumbnail wp-image-4995\" src=\"http:\/\/www.ciencianews.com.br\/wp-content\/uploads\/2019\/08\/avancar-150x150.png\" alt=\"avancar\" width=\"70\" height=\"70\" srcset=\"https:\/\/www.ciencianews.com.br\/wp-content\/uploads\/2019\/08\/avancar-150x150.png 150w, https:\/\/www.ciencianews.com.br\/wp-content\/uploads\/2019\/08\/avancar-250x250.png 250w, https:\/\/www.ciencianews.com.br\/wp-content\/uploads\/2019\/08\/avancar.png 256w\" sizes=\"auto, (max-width: 70px) 100vw, 70px\" \/> <\/a><\/p>\n<div style=\"color: #000000; text-align: center; font-size: 15px; font-weight: bold;\"><a href=\"http:\/\/www.ciencianews.com.br\/index.php\/home\/biblioteca_digital\/biblioteca-digital-hematologia\/b-d-hematologia-serie-vermelha\/biblioteca-digital-hematologia-anemia-hemolitica-autoimune-e-hpn\/\">Pr\u00f3ximo T\u00f3pico: &#8220;HEMATOLOGIA \u2013 Anemia hemol\u00edtica autoimune e HPN&#8221;<\/a><\/div>\n<p>[\/ezcol_1third_end]<\/p>\n<\/div>\n","protected":false},"excerpt":{"rendered":"<p>ARTIGOS Escolha o tema de sua prefer\u00eancia: IDOSOS COM ANEMIA POR DEFICI\u00caNCIA DE FERRO ANEMIA FERROPRIVA NA POPULA\u00c7\u00c3O DE PEDRO JUAN CABALLERO &#8211; PY ANEMIA FERROPRIVA NA INF\u00c2NCIA ANEMIA FERROPRIVA: UMA DEFICI\u00caNCIA PREVALENTE NA INF\u00c2NCIA PREVAL\u00caNCIA E FATORES DETERMINANTES DE [&hellip;]<\/p>\n","protected":false},"author":1,"featured_media":0,"parent":5407,"menu_order":0,"comment_status":"closed","ping_status":"closed","template":"","meta":{"_uag_custom_page_level_css":"","_joinchat":[],"footnotes":""},"class_list":["post-5412","page","type-page","status-publish","hentry"],"uagb_featured_image_src":{"full":false,"thumbnail":false,"medium":false,"medium_large":false,"large":false,"1536x1536":false,"2048x2048":false,"post-thumbnail":false,"business-hub-blog":false,"business-hub-work":false},"uagb_author_info":{"display_name":"real","author_link":"https:\/\/www.ciencianews.com.br\/index.php\/author\/real\/"},"uagb_comment_info":0,"uagb_excerpt":"ARTIGOS Escolha o tema de sua prefer\u00eancia: IDOSOS COM ANEMIA POR DEFICI\u00caNCIA DE FERRO ANEMIA FERROPRIVA NA POPULA\u00c7\u00c3O DE PEDRO JUAN CABALLERO &#8211; PY ANEMIA FERROPRIVA NA INF\u00c2NCIA ANEMIA FERROPRIVA: UMA DEFICI\u00caNCIA PREVALENTE NA INF\u00c2NCIA PREVAL\u00caNCIA E FATORES DETERMINANTES DE [&hellip;]","_links":{"self":[{"href":"https:\/\/www.ciencianews.com.br\/index.php\/wp-json\/wp\/v2\/pages\/5412","targetHints":{"allow":["GET"]}}],"collection":[{"href":"https:\/\/www.ciencianews.com.br\/index.php\/wp-json\/wp\/v2\/pages"}],"about":[{"href":"https:\/\/www.ciencianews.com.br\/index.php\/wp-json\/wp\/v2\/types\/page"}],"author":[{"embeddable":true,"href":"https:\/\/www.ciencianews.com.br\/index.php\/wp-json\/wp\/v2\/users\/1"}],"replies":[{"embeddable":true,"href":"https:\/\/www.ciencianews.com.br\/index.php\/wp-json\/wp\/v2\/comments?post=5412"}],"version-history":[{"count":13,"href":"https:\/\/www.ciencianews.com.br\/index.php\/wp-json\/wp\/v2\/pages\/5412\/revisions"}],"predecessor-version":[{"id":8077,"href":"https:\/\/www.ciencianews.com.br\/index.php\/wp-json\/wp\/v2\/pages\/5412\/revisions\/8077"}],"up":[{"embeddable":true,"href":"https:\/\/www.ciencianews.com.br\/index.php\/wp-json\/wp\/v2\/pages\/5407"}],"wp:attachment":[{"href":"https:\/\/www.ciencianews.com.br\/index.php\/wp-json\/wp\/v2\/media?parent=5412"}],"curies":[{"name":"wp","href":"https:\/\/api.w.org\/{rel}","templated":true}]}}