{"id":5433,"date":"2019-09-16T15:07:06","date_gmt":"2019-09-16T15:07:06","guid":{"rendered":"http:\/\/www.ciencianews.com.br\/?page_id=5433"},"modified":"2026-02-04T20:42:41","modified_gmt":"2026-02-04T20:42:41","slug":"artigos-de-hematologia-anemias-por-deficiencias-de-vitamina-b12-e-folatos","status":"publish","type":"page","link":"https:\/\/www.ciencianews.com.br\/index.php\/home\/biblioteca_digital\/biblioteca-digital-hematologia\/b-d-hematologia-serie-vermelha\/biblioteca-digital-hematologia-anemias-por-deficiencias-de-vitamina-b12-e-folatos\/artigos-de-hematologia-anemias-por-deficiencias-de-vitamina-b12-e-folatos\/","title":{"rendered":"ARTIGOS DE HEMATOLOGIA \u2013 Anemias por defici\u00eancias de vitamina B12 e folatos"},"content":{"rendered":"<h1 align=\"center\"><span style=\"color: #000000;\"><strong> ARTIGOS <\/strong><\/span><\/h1>\n<p><strong>Escolha o tema de sua prefer\u00eancia:<\/strong><\/p>\n<ol>\n<li style=\"list-style-type: none;\">\n<ol>\n<li><strong><a title=\"ANEMIA MEGALOBL\u00c1STICA\" href=\"http:\/\/www.ciencianews.com.br\/arquivos\/ACET\/IMAGENS\/biblioteca-digital\/hematologia\/serie_vermelha\/anemia_vitamina_b12\/1.pdf\" target=\"_blank\" rel=\"noopener noreferrer\">ANEMIA MEGALOBL\u00c1STICA<\/a><\/strong><\/li>\n<li><strong><a title=\" A DEFICI\u00caNCIA DE VITAMINA B12 NA ANEMIA MEGALOBL\u00c1STICA\" href=\"http:\/\/www.ciencianews.com.br\/arquivos\/ACET\/IMAGENS\/biblioteca-digital\/hematologia\/serie_vermelha\/anemia_vitamina_b12\/2.pdf\" target=\"_blank\" rel=\"noopener noreferrer\"> A DEFICI\u00caNCIA DE VITAMINA B12 NA ANEMIA MEGALOBL\u00c1STICA<\/a><\/strong><\/li>\n<li><strong><a title=\" ALTERA\u00c7\u00d5ES MORFOL\u00d3GICAS E LABORATORIAIS EM ANEMIA MEGALOBL\u00c1STICA\" href=\"http:\/\/www.ciencianews.com.br\/arquivos\/ACET\/IMAGENS\/biblioteca-digital\/hematologia\/serie_vermelha\/anemia_vitamina_b12\/3.pdf\" target=\"_blank\" rel=\"noopener noreferrer\"> ALTERA\u00c7\u00d5ES MORFOL\u00d3GICAS E LABORATORIAIS EM ANEMIA MEGALOBL\u00c1STICA<\/a><\/strong><\/li>\n<li><strong><a title=\" DIAGN\u00d3STICO DE ANEMIA PERNICIOSA \u00c1S LUZES DA HEMATOLOGIA CL\u00cdNICA\" href=\"http:\/\/www.ciencianews.com.br\/arquivos\/ACET\/IMAGENS\/biblioteca-digital\/hematologia\/serie_vermelha\/anemia_vitamina_b12\/4.pdf\" target=\"_blank\" rel=\"noopener noreferrer\"> DIAGN\u00d3STICO DE ANEMIA PERNICIOSA \u00c1S LUZES DA HEMATOLOGIA CL\u00cdNICA<\/a><\/strong><\/li>\n<li><strong><a title=\"ANEMIAS MACROC\u00cdTICAS DIAGN\u00d3STICO E TRATAMENTO\" href=\"http:\/\/www.ciencianews.com.br\/arquivos\/ACET\/IMAGENS\/biblioteca-digital\/hematologia\/serie_vermelha\/anemia_vitamina_b12\/5.pdf\" target=\"_blank\" rel=\"noopener noreferrer\"> ANEMIAS MACROC\u00cdTICAS DIAGN\u00d3STICO E TRATAMENTO<\/a><\/strong><\/li>\n<li><strong><a title=\"DEFICI\u00caNCIA GRAVE DE VITAMINA B12: UM RELATO DE CASO\" href=\"http:\/\/www.ciencianews.com.br\/arquivos\/ACET\/IMAGENS\/biblioteca-digital\/hematologia\/serie_vermelha\/anemia_vitamina_b12\/6.pdf\" target=\"_blank\" rel=\"noopener noreferrer\">DEFICI\u00caNCIA GRAVE DE VITAMINA B12: UM RELATO DE CASO<\/a><\/strong><\/li>\n<li><strong><a title=\"DEFICI\u00caNCIA DA VITAMINA B12 - ALTERA\u00c7\u00d5ES FISIOL\u00d3GICAS E LABORATORIAIS\" href=\"http:\/\/www.ciencianews.com.br\/arquivos\/ACET\/IMAGENS\/biblioteca-digital\/hematologia\/serie_vermelha\/anemia_vitamina_b12\/7.pdf\" target=\"_blank\" rel=\"noopener noreferrer\">DEFICI\u00caNCIA DA VITAMINA B12 &#8211; ALTERA\u00c7\u00d5ES FISIOL\u00d3GICAS E LABORATORIAIS<\/a><\/strong><\/li>\n<li><strong><a title=\"ANEMIA PERNICIOSA\" href=\"http:\/\/www.ciencianews.com.br\/arquivos\/ACET\/IMAGENS\/biblioteca-digital\/hematologia\/serie_vermelha\/anemia_vitamina_b12\/8.pdf\" target=\"_blank\" rel=\"noopener noreferrer\">ANEMIA PERNICIOSA<\/a><\/strong><\/li>\n<li><strong><a title=\" ANEMIAS MACROC\u00cdTICAS: UMA ABORDAGEM GERAL\" href=\"http:\/\/www.ciencianews.com.br\/arquivos\/ACET\/IMAGENS\/biblioteca-digital\/hematologia\/serie_vermelha\/anemia_vitamina_b12\/9.pdf\" target=\"_blank\" rel=\"noopener noreferrer\"> ANEMIAS MACROC\u00cdTICAS: UMA ABORDAGEM GERAL<\/a><\/strong><\/li>\n<li><strong><a title=\"DEFICI\u00caNCIA DE VITAMINA B12 E SUAS ALTERA\u00c7\u00d5ES HEMATOL\u00d3GICAS\" href=\"http:\/\/www.ciencianews.com.br\/arquivos\/ACET\/IMAGENS\/biblioteca-digital\/hematologia\/serie_vermelha\/anemia_vitamina_b12\/10.pdf\" target=\"_blank\" rel=\"noopener noreferrer\">DEFICI\u00caNCIA DE VITAMINA B12 E SUAS ALTERA\u00c7\u00d5ES HEMATOL\u00d3GICAS <\/a><\/strong><\/li>\n<li><strong><a title=\"A MACROCITOSE EM PORTADORES DE HIV SE DEVE \u00c0 DEFICI\u00caNCIA DE VITAMINA B12 ?\" href=\"http:\/\/www.ciencianews.com.br\/arquivos\/ACET\/IMAGENS\/biblioteca-digital\/hematologia\/serie_vermelha\/anemia_vitamina_b12\/11.pdf\" target=\"_blank\" rel=\"noopener noreferrer\">A MACROCITOSE EM PORTADORES DE HIV SE DEVE \u00c0 DEFICI\u00caNCIA DE VITAMINA B12 ? <\/a><\/strong><\/li>\n<li><strong><a title=\"ASP\u00c9CTOS ATUAIS SOBRE A ANEMIA PERNICIOSA\" href=\"http:\/\/www.ciencianews.com.br\/arquivos\/ACET\/IMAGENS\/biblioteca-digital\/hematologia\/serie_vermelha\/anemia_vitamina_b12\/12.pdf\" target=\"_blank\" rel=\"noopener noreferrer\">ASP\u00c9CTOS ATUAIS SOBRE A ANEMIA PERNICIOSA<\/a><\/strong><\/li>\n<li><strong><a title=\"ANEMIAS MEGALOBL\u00c1STICAS\" href=\"http:\/\/www.ciencianews.com.br\/arquivos\/ACET\/IMAGENS\/biblioteca-digital\/hematologia\/serie_vermelha\/anemia_vitamina_b12\/13.pdf\" target=\"_blank\" rel=\"noopener noreferrer\">ANEMIAS MEGALOBL\u00c1STICAS<\/a><\/strong><\/li>\n<li><strong><a title=\" A IMPORT\u00c2NCIA DO \u00c1CIDO F\u00d3LICO NA GESTA\u00c7\u00c3O\" href=\"http:\/\/www.ciencianews.com.br\/arquivos\/ACET\/IMAGENS\/biblioteca-digital\/hematologia\/serie_vermelha\/anemia_vitamina_b12\/14.pdf\" target=\"_blank\" rel=\"noopener noreferrer\"> A IMPORT\u00c2NCIA DO \u00c1CIDO F\u00d3LICO NA GESTA\u00c7\u00c3O<\/a><\/strong><\/li>\n<li><strong><a href=\"http:\/\/www.ciencianews.com.br\/arquivos\/ACET\/IMAGENS\/biblioteca-digital\/hematologia\/serie_vermelha\/anemia_vitamina_b12\/TCC Leticia Miki Matunaga \u2013 Hematologia \u2013 S\u00e9rie Vermelha \u2013 Anemias por defici\u00eancia de vitamina B12 e folatos.pdf\" data-wplink-url-error=\"true\">ANEMIA EM IDOSOS POR DEFICI\u00caNCIA VITAMINA B12<\/a><\/strong><\/li>\n<li><a href=\"https:\/\/www.ciencianews.com.br\/arquivos\/ACET\/IMAGENS\/biblioteca-digital\/hematologia\/serie_vermelha\/anemia_vitamina_b12\/ANEMIA%20HIPOPROLIFERATIVA%20POR%20DEFICI%C3%8ANCIA%20DE%20VITAMINA%20B12%20EM%20PESSOAS%20VEGANAS%20SEM%20SUPLEMENTA%C3%87%C3%83O%20-%20JACQUELINE%20MOREIRA%20DA%20CUNHA%20ARANTES.pdf\"><strong>ANEMIA HIPOPROLIFERATIVA POR DEFICI\u00caNCIA DE VITAMINA B12 EM PESSOAS VEGANAS SEM SUPLEMENTA\u00c7\u00c3O<\/strong><\/a><\/li>\n<li><a href=\"https:\/\/www.ciencianews.com.br\/arquivos\/ACET\/IMAGENS\/biblioteca-digital\/hematologia\/serie_vermelha\/anemia_vitamina_b12\/DEFICI%C3%8ANCIA%20DE%20VITAMINA%20B12%20E%20%C3%81CIDO%20F%C3%93LICO%20NA%20ANEMIA%20%20-%20FRANCIELLE%20VIEIRA%20DE%20CARVALHO.pdf\"><strong>DEFICI\u00caNCIA DE VITAMINA B12 E \u00c1CIDO F\u00d3LICO NA ANEMIA MEGALOBL\u00c1STICA: REVIS\u00c3O BIBLIOGR\u00c1FICA<\/strong><\/a><\/li>\n<li><a href=\"https:\/\/www.ciencianews.com.br\/arquivos\/ACET\/IMAGENS\/biblioteca-digital\/hematologia\/serie_vermelha\/anemia_vitamina_b12\/18_Ana%20Carolina%20Queiroz.pdf\"><strong>ANEMIA MEGALOBL\u00c1STICA<\/strong><\/a><\/li>\n<li><a href=\"https:\/\/ciencianews.com.br\/arquivos\/ACET\/IMAGENS\/biblioteca-digital\/hematologia\/serie_vermelha\/anemia_vitamina_b12\/2026_O_papel_da_vitamina_B12_na_anemia_megalobl%C3%A1stica.pdf\" target=\"_blank\" rel=\"noopener\"><strong>PAPEL DA VITAMINA B12 NA ANEMIA MEGALOBL\u00c1STICA<\/strong><\/a><\/li>\n<\/ol>\n<\/li>\n<\/ol>\n<div style=\"text-align: center;\">\n<p>[ezcol_1third]<br \/>\n<a href=\"http:\/\/www.ciencianews.com.br\/index.php\/home\/biblioteca_digital\/biblioteca-digital-hematologia\/b-d-hematologia-serie-vermelha\/biblioteca-digital-hematologia-anemias-por-deficiencias-de-vitamina-b12-e-folatos\/\"> <img loading=\"lazy\" decoding=\"async\" class=\"alignnone size-thumbnail wp-image-4997\" src=\"http:\/\/www.ciencianews.com.br\/wp-content\/uploads\/2019\/08\/voltar-150x150.png\" alt=\"voltar\" width=\"70\" height=\"70\" srcset=\"https:\/\/www.ciencianews.com.br\/wp-content\/uploads\/2019\/08\/voltar-150x150.png 150w, https:\/\/www.ciencianews.com.br\/wp-content\/uploads\/2019\/08\/voltar-250x250.png 250w, https:\/\/www.ciencianews.com.br\/wp-content\/uploads\/2019\/08\/voltar.png 256w\" sizes=\"auto, (max-width: 70px) 100vw, 70px\" \/> <\/a><\/p>\n<div style=\"color: #000000; text-align: center; font-size: 15px; font-weight: bold;\"><a href=\"http:\/\/www.ciencianews.com.br\/index.php\/home\/biblioteca_digital\/biblioteca-digital-hematologia\/b-d-hematologia-serie-vermelha\/biblioteca-digital-hematologia-anemias-por-deficiencias-de-vitamina-b12-e-folatos\/\">Voltar<\/a><\/div>\n<p>[\/ezcol_1third]<br \/>\n[ezcol_1third]<br \/>\n<a href=\"http:\/\/www.ciencianews.com.br\/index.php\/home\/biblioteca_digital\/\"> <img loading=\"lazy\" decoding=\"async\" class=\"alignnone size-thumbnail wp-image-4996\" src=\"http:\/\/www.ciencianews.com.br\/wp-content\/uploads\/2019\/08\/home-150x150.jpg\" alt=\"home\" width=\"70\" height=\"70\" srcset=\"https:\/\/www.ciencianews.com.br\/wp-content\/uploads\/2019\/08\/home-150x150.jpg 150w, https:\/\/www.ciencianews.com.br\/wp-content\/uploads\/2019\/08\/home.jpg 225w\" sizes=\"auto, (max-width: 70px) 100vw, 70px\" \/> <\/a><\/p>\n<div style=\"color: #000000; text-align: center; font-size: 15px; font-weight: bold;\"><a href=\"http:\/\/www.ciencianews.com.br\/index.php\/home\/biblioteca_digital\/\">Biblioteca Digital<\/a><\/div>\n<p>[\/ezcol_1third]<br \/>\n[ezcol_1third_end]<br \/>\n<a href=\"http:\/\/www.ciencianews.com.br\/index.php\/home\/biblioteca_digital\/biblioteca-digital-hematologia\/b-d-hematologia-serie-vermelha\/biblioteca-digital-hematologia-hemoglobinopatias\/\"> <img loading=\"lazy\" decoding=\"async\" class=\"alignnone size-thumbnail wp-image-4995\" src=\"http:\/\/www.ciencianews.com.br\/wp-content\/uploads\/2019\/08\/avancar-150x150.png\" alt=\"avancar\" width=\"70\" height=\"70\" srcset=\"https:\/\/www.ciencianews.com.br\/wp-content\/uploads\/2019\/08\/avancar-150x150.png 150w, https:\/\/www.ciencianews.com.br\/wp-content\/uploads\/2019\/08\/avancar-250x250.png 250w, https:\/\/www.ciencianews.com.br\/wp-content\/uploads\/2019\/08\/avancar.png 256w\" sizes=\"auto, (max-width: 70px) 100vw, 70px\" \/> <\/a><\/p>\n<div style=\"color: #000000; text-align: center; font-size: 15px; font-weight: bold;\"><a href=\"http:\/\/www.ciencianews.com.br\/index.php\/home\/biblioteca_digital\/biblioteca-digital-hematologia\/b-d-hematologia-serie-vermelha\/biblioteca-digital-hematologia-hemoglobinopatias\/\">Pr\u00f3ximo T\u00f3pico: &#8220;HEMATOLOGIA \u2013 Hemoglobinopatias&#8221;<\/a><\/div>\n<p>[\/ezcol_1third_end]<\/p>\n<\/div>\n","protected":false},"excerpt":{"rendered":"<p>ARTIGOS Escolha o tema de sua prefer\u00eancia: ANEMIA MEGALOBL\u00c1STICA A DEFICI\u00caNCIA DE VITAMINA B12 NA ANEMIA MEGALOBL\u00c1STICA ALTERA\u00c7\u00d5ES MORFOL\u00d3GICAS E LABORATORIAIS EM ANEMIA MEGALOBL\u00c1STICA DIAGN\u00d3STICO DE ANEMIA PERNICIOSA \u00c1S LUZES DA HEMATOLOGIA CL\u00cdNICA ANEMIAS MACROC\u00cdTICAS DIAGN\u00d3STICO E TRATAMENTO DEFICI\u00caNCIA GRAVE [&hellip;]<\/p>\n","protected":false},"author":1,"featured_media":0,"parent":5426,"menu_order":0,"comment_status":"closed","ping_status":"closed","template":"","meta":{"_uag_custom_page_level_css":"","_joinchat":[],"footnotes":""},"class_list":["post-5433","page","type-page","status-publish","hentry"],"uagb_featured_image_src":{"full":false,"thumbnail":false,"medium":false,"medium_large":false,"large":false,"1536x1536":false,"2048x2048":false,"post-thumbnail":false,"business-hub-blog":false,"business-hub-work":false},"uagb_author_info":{"display_name":"real","author_link":"https:\/\/www.ciencianews.com.br\/index.php\/author\/real\/"},"uagb_comment_info":0,"uagb_excerpt":"ARTIGOS Escolha o tema de sua prefer\u00eancia: ANEMIA MEGALOBL\u00c1STICA A DEFICI\u00caNCIA DE VITAMINA B12 NA ANEMIA MEGALOBL\u00c1STICA ALTERA\u00c7\u00d5ES MORFOL\u00d3GICAS E LABORATORIAIS EM ANEMIA MEGALOBL\u00c1STICA DIAGN\u00d3STICO DE ANEMIA PERNICIOSA \u00c1S LUZES DA HEMATOLOGIA CL\u00cdNICA ANEMIAS MACROC\u00cdTICAS DIAGN\u00d3STICO E TRATAMENTO DEFICI\u00caNCIA GRAVE [&hellip;]","_links":{"self":[{"href":"https:\/\/www.ciencianews.com.br\/index.php\/wp-json\/wp\/v2\/pages\/5433","targetHints":{"allow":["GET"]}}],"collection":[{"href":"https:\/\/www.ciencianews.com.br\/index.php\/wp-json\/wp\/v2\/pages"}],"about":[{"href":"https:\/\/www.ciencianews.com.br\/index.php\/wp-json\/wp\/v2\/types\/page"}],"author":[{"embeddable":true,"href":"https:\/\/www.ciencianews.com.br\/index.php\/wp-json\/wp\/v2\/users\/1"}],"replies":[{"embeddable":true,"href":"https:\/\/www.ciencianews.com.br\/index.php\/wp-json\/wp\/v2\/comments?post=5433"}],"version-history":[{"count":8,"href":"https:\/\/www.ciencianews.com.br\/index.php\/wp-json\/wp\/v2\/pages\/5433\/revisions"}],"predecessor-version":[{"id":8074,"href":"https:\/\/www.ciencianews.com.br\/index.php\/wp-json\/wp\/v2\/pages\/5433\/revisions\/8074"}],"up":[{"embeddable":true,"href":"https:\/\/www.ciencianews.com.br\/index.php\/wp-json\/wp\/v2\/pages\/5426"}],"wp:attachment":[{"href":"https:\/\/www.ciencianews.com.br\/index.php\/wp-json\/wp\/v2\/media?parent=5433"}],"curies":[{"name":"wp","href":"https:\/\/api.w.org\/{rel}","templated":true}]}}