{"id":5453,"date":"2019-09-16T15:47:13","date_gmt":"2019-09-16T15:47:13","guid":{"rendered":"http:\/\/www.ciencianews.com.br\/?page_id=5453"},"modified":"2026-02-05T14:13:24","modified_gmt":"2026-02-05T14:13:24","slug":"artigos-de-hematologia-outras-anemias-e-temas-relacionados","status":"publish","type":"page","link":"https:\/\/www.ciencianews.com.br\/index.php\/home\/biblioteca_digital\/biblioteca-digital-hematologia\/b-d-hematologia-serie-vermelha\/biblioteca-digital-hematologia-outras-anemias-e-temas-relacionados\/artigos-de-hematologia-outras-anemias-e-temas-relacionados\/","title":{"rendered":"ARTIGOS DE HEMATOLOGIA \u2013 Outras anemias e temas relacionados"},"content":{"rendered":"<h1 align=\"center\"><span style=\"color: #000000;\"><strong> ARTIGOS <\/strong><\/span><\/h1>\n<p><strong>Escolha o tema de sua prefer\u00eancia:<\/strong><\/p>\n<ol>\n<li style=\"list-style-type: none;\">\n<ol>\n<li><strong><a title=\" PREVAL\u00caNCIA DE ANEMIA MODERADA E GRAVE DOS PACIENTES ADULTOS DA CIDADE DE BURITAMA \u2013 SP\" href=\"http:\/\/www.ciencianews.com.br\/arquivos\/ACET\/IMAGENS\/biblioteca-digital\/hematologia\/serie_vermelha\/outras_anemias\/1.pdf\" target=\"_blank\" rel=\"noopener noreferrer\"> PREVAL\u00caNCIA DE ANEMIA MODERADA E GRAVE DOS PACIENTES ADULTOS DA CIDADE DE BURITAMA \u2013 SP<\/a><\/strong><\/li>\n<li><strong><a title=\"DEFEITOS DE MEMBRANA\" href=\"http:\/\/www.ciencianews.com.br\/arquivos\/ACET\/IMAGENS\/biblioteca-digital\/hematologia\/serie_vermelha\/outras_anemias\/2.pdf\" target=\"_blank\" rel=\"noopener noreferrer\">DEFEITOS DE MEMBRANA<\/a><\/strong><\/li>\n<li><strong><a title=\"ACENTUADA PRESEN\u00c7A DE CASOS COM ELIPT\u00d3CITOS (ELIPTOCITOSE HEREDITARIA E ELIPTOCITOSE ADQUIRIDA) NA POPULA\u00c7\u00c3O DE ITABIRA, MG. OBSERVADAS PELO LABORAT\u00d3RIO DUARTE\" href=\"http:\/\/www.ciencianews.com.br\/arquivos\/ACET\/IMAGENS\/biblioteca-digital\/hematologia\/serie_vermelha\/outras_anemias\/3.pdf\" target=\"_blank\" rel=\"noopener noreferrer\">ACENTUADA PRESEN\u00c7A DE CASOS COM ELIPT\u00d3CITOS (ELIPTOCITOSE HEREDITARIA E ELIPTOCITOSE ADQUIRIDA) NA POPULA\u00c7\u00c3O DE ITABIRA, MG. OBSERVADAS PELO LABORAT\u00d3RIO DUARTE<\/a><\/strong><\/li>\n<li><strong><a title=\"ANEMIA SIDEROBL\u00c1STICA\" href=\"http:\/\/www.ciencianews.com.br\/arquivos\/ACET\/IMAGENS\/biblioteca-digital\/hematologia\/serie_vermelha\/outras_anemias\/4.pdf\" target=\"_blank\" rel=\"noopener noreferrer\"> PREVAL\u00caNCIA DE HEMOGLOBINOPATIAS E TALASSEMIAS EM PACIENTES COM ANEMIA NA CIDADE DE S\u00c3O CARLOS<\/a><\/strong><\/li>\n<li><strong><a title=\"MAL\u00c1RIA\" href=\"http:\/\/www.ciencianews.com.br\/arquivos\/ACET\/IMAGENS\/biblioteca-digital\/hematologia\/serie_vermelha\/outras_anemias\/5.pdf\" target=\"_blank\" rel=\"noopener noreferrer\"> MAL\u00c1RIA<\/a><\/strong><\/li>\n<li><strong><a title=\"ANEMIA NA INSUFICI\u00caNCIA RENAL CR\u00d4NICA: CAUSA E TRATAMENTO\" href=\"http:\/\/www.ciencianews.com.br\/arquivos\/ACET\/IMAGENS\/biblioteca-digital\/hematologia\/serie_vermelha\/outras_anemias\/6.pdf\" target=\"_blank\" rel=\"noopener noreferrer\">ANEMIA NA INSUFICI\u00caNCIA RENAL CR\u00d4NICA: CAUSA E TRATAMENTO<\/a><\/strong><\/li>\n<li><strong><a title=\"ANEMIA EM PACIENTES RENAIS CR\u00d4NICOS\" href=\"http:\/\/www.ciencianews.com.br\/arquivos\/ACET\/IMAGENS\/biblioteca-digital\/hematologia\/serie_vermelha\/outras_anemias\/7.pdf\" target=\"_blank\" rel=\"noopener noreferrer\">ANEMIA EM PACIENTES RENAIS CR\u00d4NICOS<\/a><\/strong><\/li>\n<li><strong><a title=\"PRESEN\u00c7A DE ANEMIA EM PACIENTES SUBMETIDOS \u00c0 GASTRECTOMIA\" href=\"http:\/\/www.ciencianews.com.br\/arquivos\/ACET\/IMAGENS\/biblioteca-digital\/hematologia\/serie_vermelha\/outras_anemias\/8.pdf\" target=\"_blank\" rel=\"noopener noreferrer\">PRESEN\u00c7A DE ANEMIA EM PACIENTES SUBMETIDOS \u00c0 GASTRECTOMIA<\/a><\/strong><\/li>\n<li><strong><a title=\"CARACTERIZA\u00c7\u00c3O E DIAGN\u00d3STICO LABORATORIAL DE ANEMIAS EM IDOSOS\" href=\"http:\/\/www.ciencianews.com.br\/arquivos\/ACET\/IMAGENS\/biblioteca-digital\/hematologia\/serie_vermelha\/outras_anemias\/9.pdf\" target=\"_blank\" rel=\"noopener noreferrer\">CARACTERIZA\u00c7\u00c3O E DIAGN\u00d3STICO LABORATORIAL DE ANEMIAS EM IDOSOS<\/a><\/strong><\/li>\n<li><strong><a title=\"ANEMIA CARENCIAL EM GESTANTES\" href=\"http:\/\/www.ciencianews.com.br\/arquivos\/ACET\/IMAGENS\/biblioteca-digital\/hematologia\/serie_vermelha\/outras_anemias\/10.pdf\" target=\"_blank\" rel=\"noopener noreferrer\">ANEMIA CARENCIAL EM GESTANTES<\/a><\/strong><\/li>\n<li><strong><a title=\"ANEMIA NA DOEN\u00c7A RENAL CR\u00d4NICA\" href=\"http:\/\/www.ciencianews.com.br\/arquivos\/ACET\/IMAGENS\/biblioteca-digital\/hematologia\/serie_vermelha\/outras_anemias\/11.pdf\" target=\"_blank\" rel=\"noopener noreferrer\">ANEMIA NA DOEN\u00c7A RENAL CR\u00d4NICA<\/a><\/strong><\/li>\n<li><strong><a title=\"ANEMIA HEMOL\u00cdTICA ADQUIRIDA: MAL\u00c1RIA\" href=\"http:\/\/www.ciencianews.com.br\/arquivos\/ACET\/IMAGENS\/biblioteca-digital\/hematologia\/serie_vermelha\/outras_anemias\/12.pdf\" target=\"_blank\" rel=\"noopener noreferrer\">ANEMIA HEMOL\u00cdTICA ADQUIRIDA: MAL\u00c1RIA<\/a><\/strong><\/li>\n<li><strong><a title=\"ANEMIA NO IDOSO INSTITUCIONALIZADO\" href=\"http:\/\/www.ciencianews.com.br\/arquivos\/ACET\/IMAGENS\/biblioteca-digital\/hematologia\/serie_vermelha\/outras_anemias\/13.pdf\" target=\"_blank\" rel=\"noopener noreferrer\">ANEMIA NO IDOSO INSTITUCIONALIZADO<\/a><\/strong><\/li>\n<li><strong><a title=\"ANEMIA EM PACIENTES INFECTADOS PELO V\u00cdRUS DA IMUNODEFICI\u00caNCIA HUMANA\" href=\"http:\/\/www.ciencianews.com.br\/arquivos\/ACET\/IMAGENS\/biblioteca-digital\/hematologia\/serie_vermelha\/outras_anemias\/14.pdf\" target=\"_blank\" rel=\"noopener noreferrer\">ANEMIA EM PACIENTES INFECTADOS PELO V\u00cdRUS DA IMUNODEFICI\u00caNCIA HUMANA<\/a><\/strong><\/li>\n<li><strong><a title=\"ANEMIAS CARENCIAIS EM CRIAN\u00c7AS MENORES DE CINCO ANOS DE IDADE\" href=\"http:\/\/www.ciencianews.com.br\/arquivos\/ACET\/IMAGENS\/biblioteca-digital\/hematologia\/serie_vermelha\/outras_anemias\/15.pdf\" target=\"_blank\" rel=\"noopener noreferrer\">ANEMIAS CARENCIAIS EM CRIAN\u00c7AS MENORES DE CINCO ANOS DE IDADE<\/a><\/strong><\/li>\n<li><strong><a title=\"ANEMIA DE DOEN\u00c7A CR\u00d4NICA\" href=\"http:\/\/www.ciencianews.com.br\/arquivos\/ACET\/IMAGENS\/biblioteca-digital\/hematologia\/serie_vermelha\/outras_anemias\/16.pdf\" target=\"_blank\" rel=\"noopener noreferrer\">ANEMIA DE DOEN\u00c7A CR\u00d4NICA<\/a><\/strong><\/li>\n<li><strong><a title=\"DETERMINA\u00c7\u00c3O DA INCID\u00caNCIA DE ANEMIAS CARENCIAIS EM IDOSOS\" href=\"http:\/\/www.ciencianews.com.br\/arquivos\/ACET\/IMAGENS\/biblioteca-digital\/hematologia\/serie_vermelha\/outras_anemias\/17.pdf\" target=\"_blank\" rel=\"noopener noreferrer\">DETERMINA\u00c7\u00c3O DA INCID\u00caNCIA DE ANEMIAS CARENCIAIS EM IDOSOS<\/a><\/strong><\/li>\n<li><strong><a title=\"PREVAL\u00caNCIA DE ANEMIA EM PACIENTES DE HEMODI\u00c1LISE EM CIANORTE- PR E REGI\u00c3O\" href=\"http:\/\/www.ciencianews.com.br\/arquivos\/ACET\/IMAGENS\/biblioteca-digital\/hematologia\/serie_vermelha\/outras_anemias\/18.pdf\" target=\"_blank\" rel=\"noopener noreferrer\">PREVAL\u00caNCIA DE ANEMIA EM PACIENTES DE HEMODI\u00c1LISE EM CIANORTE- PR E REGI\u00c3O<\/a><\/strong><\/li>\n<li><strong><a title=\"USO DE ERITROPOETINA NO TRATAMENTO DE ANEMIA EM PACIENTES COM INSUFICI\u00caNCIA RENAL CR\u00d4NICA HEMODIALISADOS\" href=\"http:\/\/www.ciencianews.com.br\/arquivos\/ACET\/IMAGENS\/biblioteca-digital\/hematologia\/serie_vermelha\/outras_anemias\/19.pdf\" target=\"_blank\" rel=\"noopener noreferrer\">USO DE ERITROPOETINA NO TRATAMENTO DE ANEMIA EM PACIENTES COM INSUFICI\u00caNCIA RENAL CR\u00d4NICA HEMODIALISADOS<\/a><\/strong><\/li>\n<li><strong><a title=\"ANEMIA NA DOEN\u00c7A RENAL CR\u00d4NICA E O LABORAT\u00d3RIO CL\u00cdNICO\" href=\"http:\/\/www.ciencianews.com.br\/arquivos\/ACET\/IMAGENS\/biblioteca-digital\/hematologia\/serie_vermelha\/outras_anemias\/20.pdf\" target=\"_blank\" rel=\"noopener noreferrer\">ANEMIA NA DOEN\u00c7A RENAL CR\u00d4NICA E O LABORAT\u00d3RIO CL\u00cdNICO<\/a><\/strong><\/li>\n<li><strong><a title=\" A OCORR\u00caNCIA DE ANEMIA MACROC\u00cdTICA ASSOCIADA AO USO DO ANTIRRETROVIRAL ZIDOVUDINA\" href=\"http:\/\/www.ciencianews.com.br\/arquivos\/ACET\/IMAGENS\/biblioteca-digital\/hematologia\/serie_vermelha\/outras_anemias\/21.pdf\" target=\"_blank\" rel=\"noopener noreferrer\"> A OCORR\u00caNCIA DE ANEMIA MACROC\u00cdTICA ASSOCIADA AO USO DO ANTIRRETROVIRAL ZIDOVUDINA<\/a><\/strong><\/li>\n<li><strong><a title=\"PREVAL\u00caNCIA DE ANEMIA EM MOTOBOYS NA CIDADE DE CAPIM GROSSO \u2013 BA\" href=\"http:\/\/www.ciencianews.com.br\/arquivos\/ACET\/IMAGENS\/biblioteca-digital\/hematologia\/serie_vermelha\/outras_anemias\/22.pdf\" target=\"_blank\" rel=\"noopener noreferrer\">PREVAL\u00caNCIA DE ANEMIA EM MOTOBOYS NA CIDADE DE CAPIM GROSSO \u2013 BA<\/a><\/strong><\/li>\n<li><strong><a title=\"ANEMIA EM CLIENTES DO LABORAT\u00d3RIO SANTA ROSA EM CUIAB\u00c1- MT\" href=\"http:\/\/www.ciencianews.com.br\/arquivos\/ACET\/IMAGENS\/biblioteca-digital\/hematologia\/serie_vermelha\/outras_anemias\/23.pdf\" target=\"_blank\" rel=\"noopener noreferrer\">ANEMIA EM CLIENTES DO LABORAT\u00d3RIO SANTA ROSA EM CUIAB\u00c1- MT<\/a><\/strong><\/li>\n<li><strong><a title=\"ANEMIA HEMOL\u00cdTICA E A DEGRADA\u00c7\u00c3O DA BILIRRUBINA \" href=\"http:\/\/www.ciencianews.com.br\/arquivos\/ACET\/IMAGENS\/biblioteca-digital\/hematologia\/serie_vermelha\/outras_anemias\/24.pdf\" target=\"_blank\" rel=\"noopener noreferrer\">ANEMIA HEMOL\u00cdTICA E A DEGRADA\u00c7\u00c3O DA BILIRRUBINA <\/a><\/strong><\/li>\n<li><strong><a title=\"ABORDAGEM DO LABORAT\u00d3RIO NO DIAGN\u00d3STICO DAS ANEMIAS\" href=\"http:\/\/www.ciencianews.com.br\/arquivos\/ACET\/IMAGENS\/biblioteca-digital\/hematologia\/serie_vermelha\/outras_anemias\/25.pdf\" target=\"_blank\" rel=\"noopener noreferrer\">ABORDAGEM DO LABORAT\u00d3RIO NO DIAGN\u00d3STICO DAS ANEMIAS<\/a><\/strong><\/li>\n<li><strong><a title=\"DEFICI\u00caNCIA DE G6PD E SUA REPERCUSS\u00c3O CL\u00cdNICA: REVIS\u00c3O DA LITERATURA\" href=\"http:\/\/www.ciencianews.com.br\/arquivos\/ACET\/IMAGENS\/biblioteca-digital\/hematologia\/serie_vermelha\/outras_anemias\/26.pdf\" target=\"_blank\" rel=\"noopener noreferrer\">DEFICI\u00caNCIA DE G6PD E SUA REPERCUSS\u00c3O CL\u00cdNICA: REVIS\u00c3O DA LITERATURA<\/a><\/strong><\/li>\n<li><strong><a title=\"ANEMIA POR SENSIBILIZA\u00c7\u00c3O MATERNO FETAL LIGADA AO SISTEMA Rh\" href=\"http:\/\/www.ciencianews.com.br\/arquivos\/ACET\/IMAGENS\/biblioteca-digital\/hematologia\/serie_vermelha\/outras_anemias\/27.pdf\" target=\"_blank\" rel=\"noopener noreferrer\">ANEMIA POR SENSIBILIZA\u00c7\u00c3O MATERNO FETAL LIGADA AO SISTEMA Rh<\/a><\/strong><\/li>\n<li><strong><a title=\"ANEMIA DA DOEN\u00c7A CR\u00d4NICA\" href=\"http:\/\/www.ciencianews.com.br\/arquivos\/ACET\/IMAGENS\/biblioteca-digital\/hematologia\/serie_vermelha\/outras_anemias\/28.pdf\" target=\"_blank\" rel=\"noopener noreferrer\">ANEMIA DA DOEN\u00c7A CR\u00d4NICA<\/a><\/strong><\/li>\n<li><strong><a title=\"ANEMIA HEMOL\u00cdTICA INDUZIDA PELO USO DE DAPSONA NO TRATAMENTO DA HANSEN\u00cdASE\" href=\"http:\/\/www.ciencianews.com.br\/arquivos\/ACET\/IMAGENS\/biblioteca-digital\/hematologia\/serie_vermelha\/outras_anemias\/29.pdf\" target=\"_blank\" rel=\"noopener noreferrer\">ANEMIA HEMOL\u00cdTICA INDUZIDA PELO USO DE DAPSONA NO TRATAMENTO DA HANSEN\u00cdASE<\/a><\/strong><\/li>\n<li><strong><a title=\"ALTERA\u00c7\u00d5ES HEMATOL\u00d3GICAS PROVOCADAS PELA DEFICI\u00caNCIA DE G6PD\" href=\"http:\/\/www.ciencianews.com.br\/arquivos\/ACET\/IMAGENS\/biblioteca-digital\/hematologia\/serie_vermelha\/outras_anemias\/30.pdf\" target=\"_blank\" rel=\"noopener noreferrer\">ALTERA\u00c7\u00d5ES HEMATOL\u00d3GICAS PROVOCADAS PELA DEFICI\u00caNCIA DE G6PD<\/a><\/strong><\/li>\n<li><strong><a title=\"HEMOGLOBIN\u00daRIA PAROX\u00cdSTICA NOTURNA, UMA REVIS\u00c3O\" href=\"http:\/\/www.ciencianews.com.br\/arquivos\/ACET\/IMAGENS\/biblioteca-digital\/hematologia\/serie_vermelha\/outras_anemias\/31.pdf\" target=\"_blank\" rel=\"noopener noreferrer\">HEMOGLOBIN\u00daRIA PAROX\u00cdSTICA NOTURNA, UMA REVIS\u00c3O<\/a><\/strong><\/li>\n<li><strong><a title=\"ANEMIAS INDUZIDAS POR F\u00c1RMACOS\" href=\"http:\/\/www.ciencianews.com.br\/arquivos\/ACET\/IMAGENS\/biblioteca-digital\/hematologia\/serie_vermelha\/outras_anemias\/32.pdf\" target=\"_blank\" rel=\"noopener noreferrer\">ANEMIAS INDUZIDAS POR F\u00c1RMACOS<\/a><\/strong><\/li>\n<li><strong><a title=\"ANEMIA EM PORTADORES DE INSUFICI\u00caNCIA RENAL CR\u00d4NICA\" href=\"http:\/\/www.ciencianews.com.br\/arquivos\/ACET\/IMAGENS\/biblioteca-digital\/hematologia\/serie_vermelha\/outras_anemias\/33.pdf\" target=\"_blank\" rel=\"noopener noreferrer\">ANEMIA EM PORTADORES DE INSUFICI\u00caNCIA RENAL CR\u00d4NICA<\/a><\/strong><\/li>\n<li><strong><a href=\"http:\/\/www.ciencianews.com.br\/arquivos\/ACET\/IMAGENS\/biblioteca-digital\/hematologia\/serie_vermelha\/outras_anemias\/TCC F\u00e1bio Ribeiro Filho \u2013 Hematologia \u2013 S\u00e9rie vermelha- Outras anemias e temas relacionados.pdf\" data-wplink-url-error=\"true\">ALTERA\u00c7\u00d5ES HEMATOL\u00d3GICAS EM PACIENTES COM ARBOVIROSES<\/a><\/strong><\/li>\n<li><a href=\"https:\/\/www.ciencianews.com.br\/arquivos\/ACET\/IMAGENS\/biblioteca-digital\/hematologia\/serie_vermelha\/outras_anemias\/ANEMIA%20CARENCIA%20EM%20GESTANTES%20-%20%C3%89velin%20de%20Oliveira%20Dias.pdf\"><strong>ANEMIA CARENCIAL EM GESTANTES<\/strong><\/a><\/li>\n<li><a href=\"https:\/\/www.ciencianews.com.br\/arquivos\/ACET\/IMAGENS\/biblioteca-digital\/hematologia\/serie_vermelha\/outras_anemias\/ANEMIA%20DA%20DOEN%C3%87A%20RENAL%20CR%C3%94NICA%20-%20Thamires%20Pedroso%20Nune).pdf\"><strong>ANEMIA DA DOEN\u00c7A RENAL CR\u00d4NICA<\/strong><\/a><\/li>\n<li><a href=\"https:\/\/www.ciencianews.com.br\/arquivos\/ACET\/IMAGENS\/biblioteca-digital\/hematologia\/serie_vermelha\/outras_anemias\/ANEMIA%20NA%20INSUFICI%C3%8ANCIA%20RENAL%20CR%C3%94NICA%20E%20O%20USO%20DA%20ERITROPOETINA%20-%20Danielle%20Jos%C3%A9%20de%20Cerqueira%20Lopes.pdf\"><strong>ANEMIA NA INSUFICI\u00caNCIA RENAL CR\u00d4NICA E O USO DA ERITROPOETINA<\/strong><\/a><\/li>\n<li><a href=\"https:\/\/www.ciencianews.com.br\/arquivos\/ACET\/IMAGENS\/biblioteca-digital\/hematologia\/serie_vermelha\/outras_anemias\/ANEMIA%20NO%20HIPOTIREOIDISMO%20UMA%20REVIS%C3%83O%20-%20KARLA%20LE%C3%83O%20DA%20COSTA.pdf\"><strong>ANEMIA NO HIPOTIREOIDISMO: UMA REVIS\u00c3O<\/strong><\/a><\/li>\n<li><a href=\"https:\/\/www.ciencianews.com.br\/arquivos\/ACET\/IMAGENS\/biblioteca-digital\/hematologia\/serie_vermelha\/outras_anemias\/Anemia_de_Doen%C3%A7a_Cr%C3%B4nica%20-%20Bruna%20Salutti%20Peres.pdf\"><strong>ANEMIA DE DOEN\u00c7A CR\u00d4NICA<\/strong><\/a><\/li>\n<li><a href=\"https:\/\/www.ciencianews.com.br\/arquivos\/ACET\/IMAGENS\/biblioteca-digital\/hematologia\/serie_vermelha\/outras_anemias\/ANEMIA_DE_FANCONI_E_SUAS_IMPLICA%C3%87%C3%95ES%20-%C3%81lisson%20da%20Silva%20Magalh%C3%A3es%20Macedo.pdf\"><strong>ANEMIA DE FANCONI E SUAS IMPLICA\u00c7\u00d5ES<\/strong><\/a><\/li>\n<li><a href=\"https:\/\/www.ciencianews.com.br\/arquivos\/ACET\/IMAGENS\/biblioteca-digital\/hematologia\/serie_vermelha\/outras_anemias\/Anemia_Siderobl%C3%A1stica_-_Aspectos_Gerais%20-%20Thiago%20Spegiorin%20Salesse.pdf\"><strong>ANEMIA SIDEROBL\u00c1STICA &#8211; ASPECTOS GERAIS<\/strong><\/a><\/li>\n<li><a href=\"https:\/\/www.ciencianews.com.br\/arquivos\/ACET\/IMAGENS\/biblioteca-digital\/hematologia\/serie_vermelha\/outras_anemias\/ANEMIAS%20CARACTERIZA%C3%87%C3%83O%20E%20CLASSIFICA%C3%87%C3%83O%20PELOS%20INDICES%20%20-%20BRUNA%20LETICIA%20BERNO.pdf\"><strong>ANEMIAS: CARACTERIZA\u00c7\u00c3O E CLASSIFICA\u00c7\u00c3O PELOS INDICES HEMATIM\u00c9TRICOS<\/strong><\/a><\/li>\n<li><a href=\"https:\/\/www.ciencianews.com.br\/arquivos\/ACET\/IMAGENS\/biblioteca-digital\/hematologia\/serie_vermelha\/outras_anemias\/ESTUDO%20HEMATOL%C3%93GICO%20NO%20DIAGN%C3%93STICO%20DE%20ANEMIA%20-%20Arielly%20Oliveira%20Cardoso.pdf\"><strong>ESTUDO HEMATOL\u00d3GICO NO DIAGN\u00d3STICO DE ANEMIA<\/strong><\/a><\/li>\n<li><a href=\"https:\/\/www.ciencianews.com.br\/arquivos\/ACET\/IMAGENS\/biblioteca-digital\/hematologia\/serie_vermelha\/outras_anemias\/PREVAL%C3%8ANCIA%20DE%20ANEMIA%20BASEADA%20EM%20EXAMES%20LABORATORIAIS%20NA%20%20-Flaviana%20Vinhal%20dos%20Santos%20Murta.pdf\"><strong>PREVAL\u00caNCIA DE ANEMIA BASEADA EM EXAMES LABORATORIAIS NA REGI\u00c3O DO ALTO PARANA\u00cdBA &#8211; MG\u00a0<\/strong><\/a><\/li>\n<li><a href=\"https:\/\/ciencianews.com.br\/arquivos\/ACET\/IMAGENS\/biblioteca-digital\/hematologia\/serie_vermelha\/outras_anemias\/2023-A%20ocorr%C3%AAncia%20de%20hematopoiese%20extramedular%20revis%C3%A3o%20e%20teorias%20-%20Vitoria%20Luana%20Bocchi.pdf\"><strong>A OCORR\u00caNCIA DE HEMATOPOIESE EXTRAMEDULAR: REVIS\u00c3O E TEORIAS<\/strong><\/a><\/li>\n<li><a href=\"https:\/\/ciencianews.com.br\/arquivos\/ACET\/IMAGENS\/biblioteca-digital\/hematologia\/serie_vermelha\/outras_anemias\/2023-Anemias%20carenciais%20na%20gesta%C3%A7%C3%A3o%20-%20%20crit%C3%A9rios%20cl%C3%ADnicos%20e%20laboratoriais%20-%20Lara%20Maria%20Barbosa%20Fidanza.pdf\"><strong>ANEMIAS CARENCIAIS NA GESTA\u00c7\u00c3O: CRIT\u00c9RIOS CL\u00cdNICOS E LABORATORIAIS<\/strong><\/a><\/li>\n<li><a href=\"https:\/\/ciencianews.com.br\/arquivos\/ACET\/IMAGENS\/biblioteca-digital\/hematologia\/serie_vermelha\/outras_anemias\/2023-Doen%C3%A7a%20renal%20cr%C3%B4nica%20e%20a%20rela%C3%A7%C3%A3o%20com%20a%20gravidade%20da%20anemia%20-%20Ruthe%20Laiana%20Oliveira%20Gl%C3%B3ria.pdf\"><strong>DOEN\u00c7A RENAL CR\u00d4NICA E A RELA\u00c7\u00c3O COM A GRAVIDADE DA ANEMIA<\/strong><\/a><\/li>\n<li><a href=\"https:\/\/ciencianews.com.br\/arquivos\/ACET\/IMAGENS\/biblioteca-digital\/hematologia\/serie_vermelha\/outras_anemias\/2023-Principais%20anemias%20em%20idosos%20e%20import%C3%A2ncia%20do%20hemograma%20na%20identifica%C3%A7%C3%A3o%20laboratorial%20-%20Caroline%20Nicodemo%20Sanches.pdf\"><strong>PRINCIPAIS ANEMIAS EM IDOSOS E IMPORT\u00c2NCIA DO HEMOGRAMA NA IDENTIFICA\u00c7\u00c3O LABORATORIAL<\/strong><\/a><\/li>\n<li><a href=\"https:\/\/ciencianews.com.br\/arquivos\/ACET\/IMAGENS\/biblioteca-digital\/hematologia\/serie_vermelha\/outras_anemias\/2023-Anemia%20de%20doen%C3%A7a%20cr%C3%B4nica%20-%20Janaina%20Cristina%20de%20Moraes%20Godoy.pdf\"><strong>ANEMIA DE DOEN\u00c7A CR\u00d4NICA<\/strong><\/a><\/li>\n<li><a href=\"https:\/\/ciencianews.com.br\/arquivos\/ACET\/IMAGENS\/biblioteca-digital\/hematologia\/serie_vermelha\/outras_anemias\/50_Lucas.pdf\"><strong>PRINCIPAIS M\u00c9TODOS DIAGN\u00d3STICOS PARA A ANEMIA POR DEFICI\u00caNCIA DE GLICOSE-6-FOSFATO DESIDROGENASE<\/strong><\/a><\/li>\n<li><a href=\"https:\/\/ciencianews.com.br\/arquivos\/ACET\/IMAGENS\/biblioteca-digital\/hematologia\/serie_vermelha\/outras_anemias\/51_Sabrina%20Mesquita.pdf\"><strong>IMPACTO DA HIPOXEMIA CR\u00d4NICA E DA INFLAMA\u00c7\u00c3O NO COMPORTAMENTO DA S\u00c9RIE VERMELHA EM PACIENTES COM DPOC: ANEMIA, POLICITEMIA E RISCO TROMB\u00d3TICO<\/strong><\/a><\/li>\n<li><a href=\"https:\/\/ciencianews.com.br\/arquivos\/ACET\/IMAGENS\/biblioteca-digital\/hematologia\/serie_vermelha\/outras_anemias\/2026_Deficiencia_de_glicose_G6PD.pdf\" target=\"_blank\" rel=\"noopener\"><strong>DEFICI\u00caNCIA DE GLICOSE-6-FOSFATO DESIDROGENASE (G6PD) E HEM\u00d3LISE INDUZIDA POR F\u00c1RMACOS<\/strong><\/a><\/li>\n<li><a href=\"https:\/\/ciencianews.com.br\/arquivos\/ACET\/IMAGENS\/biblioteca-digital\/hematologia\/serie_vermelha\/outras_anemias\/2026_Anemia_por_deficiencia_de_G6PD.pdf\" target=\"_blank\" rel=\"noopener\"><strong>ANEMIA POR DEFICI\u00caNCIA DE GLICOSE-6 FOSFATO DESIDROGENASE (G6PD)<\/strong><\/a><\/li>\n<li><a href=\"https:\/\/ciencianews.com.br\/arquivos\/ACET\/IMAGENS\/biblioteca-digital\/hematologia\/serie_vermelha\/outras_anemias\/2026_Anemia_de_doen%C3%A7a_cr%C3%B4nica.pdf\" target=\"_blank\" rel=\"noopener\"><strong>ANEMIA DE DOEN\u00c7A CR\u00d4NICA: 2\u00aa ANEMIA MAIS PREVALENTE NA PR\u00c1TICA LABORATORIAL<\/strong><\/a><\/li>\n<\/ol>\n<\/li>\n<\/ol>\n<div style=\"text-align: center;\">\n<p>[ezcol_1third]<br \/>\n<a href=\"http:\/\/www.ciencianews.com.br\/index.php\/home\/biblioteca_digital\/biblioteca-digital-hematologia\/b-d-hematologia-serie-vermelha\/biblioteca-digital-hematologia-outras-anemias-e-temas-relacionados\/\"> <img loading=\"lazy\" decoding=\"async\" class=\"alignnone size-thumbnail wp-image-4997\" src=\"http:\/\/www.ciencianews.com.br\/wp-content\/uploads\/2019\/08\/voltar-150x150.png\" alt=\"voltar\" width=\"70\" height=\"70\" srcset=\"https:\/\/www.ciencianews.com.br\/wp-content\/uploads\/2019\/08\/voltar-150x150.png 150w, https:\/\/www.ciencianews.com.br\/wp-content\/uploads\/2019\/08\/voltar-250x250.png 250w, https:\/\/www.ciencianews.com.br\/wp-content\/uploads\/2019\/08\/voltar.png 256w\" sizes=\"auto, (max-width: 70px) 100vw, 70px\" \/> <\/a><\/p>\n<div style=\"color: #000000; text-align: center; font-size: 15px; font-weight: bold;\"><a href=\"http:\/\/www.ciencianews.com.br\/index.php\/home\/biblioteca_digital\/biblioteca-digital-hematologia\/b-d-hematologia-serie-vermelha\/biblioteca-digital-hematologia-outras-anemias-e-temas-relacionados\/\">Voltar<\/a><\/div>\n<p>[\/ezcol_1third]<br \/>\n[ezcol_1third]<br \/>\n<a href=\"http:\/\/www.ciencianews.com.br\/index.php\/home\/biblioteca_digital\/\"> <img loading=\"lazy\" decoding=\"async\" class=\"alignnone size-thumbnail wp-image-4996\" src=\"http:\/\/www.ciencianews.com.br\/wp-content\/uploads\/2019\/08\/home-150x150.jpg\" alt=\"home\" width=\"70\" height=\"70\" srcset=\"https:\/\/www.ciencianews.com.br\/wp-content\/uploads\/2019\/08\/home-150x150.jpg 150w, https:\/\/www.ciencianews.com.br\/wp-content\/uploads\/2019\/08\/home.jpg 225w\" sizes=\"auto, (max-width: 70px) 100vw, 70px\" \/> <\/a><\/p>\n<div style=\"color: #000000; text-align: center; font-size: 15px; font-weight: bold;\"><a href=\"http:\/\/www.ciencianews.com.br\/index.php\/home\/biblioteca_digital\/\">Biblioteca Digital<\/a><\/div>\n<p>[\/ezcol_1third]<br \/>\n[ezcol_1third_end]<br \/>\n<a href=\"http:\/\/www.ciencianews.com.br\/index.php\/home\/biblioteca_digital\/biblioteca-digital-hematologia\/b-d-hematologia-serie-vermelha\/biblioteca-digital-hematologia-talassemias\/\"> <img loading=\"lazy\" decoding=\"async\" class=\"alignnone size-thumbnail wp-image-4995\" src=\"http:\/\/www.ciencianews.com.br\/wp-content\/uploads\/2019\/08\/avancar-150x150.png\" alt=\"avancar\" width=\"70\" height=\"70\" srcset=\"https:\/\/www.ciencianews.com.br\/wp-content\/uploads\/2019\/08\/avancar-150x150.png 150w, https:\/\/www.ciencianews.com.br\/wp-content\/uploads\/2019\/08\/avancar-250x250.png 250w, https:\/\/www.ciencianews.com.br\/wp-content\/uploads\/2019\/08\/avancar.png 256w\" sizes=\"auto, (max-width: 70px) 100vw, 70px\" \/> <\/a><\/p>\n<div style=\"color: #000000; text-align: center; font-size: 15px; font-weight: bold;\"><a href=\"http:\/\/www.ciencianews.com.br\/index.php\/home\/biblioteca_digital\/biblioteca-digital-hematologia\/b-d-hematologia-serie-vermelha\/biblioteca-digital-hematologia-talassemias\/\">Pr\u00f3ximo T\u00f3pico: &#8220;HEMATOLOGIA \u2013 Talassemias&#8221;<\/a><\/div>\n<p>[\/ezcol_1third_end]<\/p>\n<\/div>\n","protected":false},"excerpt":{"rendered":"<p>ARTIGOS Escolha o tema de sua prefer\u00eancia: PREVAL\u00caNCIA DE ANEMIA MODERADA E GRAVE DOS PACIENTES ADULTOS DA CIDADE DE BURITAMA \u2013 SP DEFEITOS DE MEMBRANA ACENTUADA PRESEN\u00c7A DE CASOS COM ELIPT\u00d3CITOS (ELIPTOCITOSE HEREDITARIA E ELIPTOCITOSE ADQUIRIDA) NA POPULA\u00c7\u00c3O DE ITABIRA, [&hellip;]<\/p>\n","protected":false},"author":1,"featured_media":0,"parent":5447,"menu_order":0,"comment_status":"closed","ping_status":"closed","template":"","meta":{"_uag_custom_page_level_css":"","_joinchat":[],"footnotes":""},"class_list":["post-5453","page","type-page","status-publish","hentry"],"uagb_featured_image_src":{"full":false,"thumbnail":false,"medium":false,"medium_large":false,"large":false,"1536x1536":false,"2048x2048":false,"post-thumbnail":false,"business-hub-blog":false,"business-hub-work":false},"uagb_author_info":{"display_name":"real","author_link":"https:\/\/www.ciencianews.com.br\/index.php\/author\/real\/"},"uagb_comment_info":0,"uagb_excerpt":"ARTIGOS Escolha o tema de sua prefer\u00eancia: PREVAL\u00caNCIA DE ANEMIA MODERADA E GRAVE DOS PACIENTES ADULTOS DA CIDADE DE BURITAMA \u2013 SP DEFEITOS DE MEMBRANA ACENTUADA PRESEN\u00c7A DE CASOS COM ELIPT\u00d3CITOS (ELIPTOCITOSE HEREDITARIA E ELIPTOCITOSE ADQUIRIDA) NA POPULA\u00c7\u00c3O DE ITABIRA, [&hellip;]","_links":{"self":[{"href":"https:\/\/www.ciencianews.com.br\/index.php\/wp-json\/wp\/v2\/pages\/5453","targetHints":{"allow":["GET"]}}],"collection":[{"href":"https:\/\/www.ciencianews.com.br\/index.php\/wp-json\/wp\/v2\/pages"}],"about":[{"href":"https:\/\/www.ciencianews.com.br\/index.php\/wp-json\/wp\/v2\/types\/page"}],"author":[{"embeddable":true,"href":"https:\/\/www.ciencianews.com.br\/index.php\/wp-json\/wp\/v2\/users\/1"}],"replies":[{"embeddable":true,"href":"https:\/\/www.ciencianews.com.br\/index.php\/wp-json\/wp\/v2\/comments?post=5453"}],"version-history":[{"count":18,"href":"https:\/\/www.ciencianews.com.br\/index.php\/wp-json\/wp\/v2\/pages\/5453\/revisions"}],"predecessor-version":[{"id":8079,"href":"https:\/\/www.ciencianews.com.br\/index.php\/wp-json\/wp\/v2\/pages\/5453\/revisions\/8079"}],"up":[{"embeddable":true,"href":"https:\/\/www.ciencianews.com.br\/index.php\/wp-json\/wp\/v2\/pages\/5447"}],"wp:attachment":[{"href":"https:\/\/www.ciencianews.com.br\/index.php\/wp-json\/wp\/v2\/media?parent=5453"}],"curies":[{"name":"wp","href":"https:\/\/api.w.org\/{rel}","templated":true}]}}