{"id":8040,"date":"2026-01-04T02:14:52","date_gmt":"2026-01-04T02:14:52","guid":{"rendered":"https:\/\/www.ciencianews.com.br\/?page_id=8040"},"modified":"2026-04-13T20:07:06","modified_gmt":"2026-04-13T20:07:06","slug":"microbiologia-clinica-e-laboratorial-3","status":"publish","type":"page","link":"https:\/\/www.ciencianews.com.br\/index.php\/microbiologia-clinica-e-laboratorial-3\/","title":{"rendered":"P\u00f3s-Gradua\u00e7\u00e3o em Microbiologia"},"content":{"rendered":"\n<figure class=\"wp-block-image size-large is-resized\"><a href=\"https:\/\/www.ciencianews.com.br\/wp-content\/uploads\/2026\/01\/Design-sem-nome-scaled.png\" rel=\"lightbox-0\"><img loading=\"lazy\" decoding=\"async\" width=\"1024\" height=\"512\" src=\"https:\/\/www.ciencianews.com.br\/wp-content\/uploads\/2026\/01\/Design-sem-nome-1024x512.png\" alt=\"\" class=\"wp-image-8045\" style=\"width:667px;height:auto\" srcset=\"https:\/\/www.ciencianews.com.br\/wp-content\/uploads\/2026\/01\/Design-sem-nome-1024x512.png 1024w, https:\/\/www.ciencianews.com.br\/wp-content\/uploads\/2026\/01\/Design-sem-nome-300x150.png 300w, https:\/\/www.ciencianews.com.br\/wp-content\/uploads\/2026\/01\/Design-sem-nome-768x384.png 768w, https:\/\/www.ciencianews.com.br\/wp-content\/uploads\/2026\/01\/Design-sem-nome-1536x768.png 1536w, https:\/\/www.ciencianews.com.br\/wp-content\/uploads\/2026\/01\/Design-sem-nome-2048x1024.png 2048w, https:\/\/www.ciencianews.com.br\/wp-content\/uploads\/2026\/01\/Design-sem-nome-740x370.png 740w\" sizes=\"auto, (max-width: 1024px) 100vw, 1024px\" \/><\/a><\/figure>\n\n\n\n<p class=\"has-white-background-color has-background has-medium-font-size\"><strong>A p\u00f3s-gradua\u00e7\u00e3o em Microbiologia Cl\u00ednica e Laboratorial \u00e9 voltada para profissionais que desejam aprofundar seus conhecimentos em an\u00e1lises microbiol\u00f3gicas, diagn\u00f3stico laboratorial e interpreta\u00e7\u00e3o de exames.<\/strong><\/p>\n\n\n\n<p class=\"has-white-background-color has-background has-medium-font-size\"><strong>Com foco pr\u00e1tico e aplicado \u00e0 rotina dos laborat\u00f3rios cl\u00ednicos, este curso prepara biom\u00e9dicos, farmac\u00eauticos, bi\u00f3logos e outros profissionais da sa\u00fade para atuar com seguran\u00e7a e excel\u00eancia na microbiologia cl\u00ednica.<\/strong><\/p>\n\n\n\n<h2 class=\"wp-block-heading\">O que voc\u00ea vai aprender na p\u00f3s-gradua\u00e7\u00e3o em microbiologia cl\u00ednica e laboratorial<\/h2>\n\n\n\n<ul class=\"wp-block-list\">\n<li class=\"has-medium-font-size\"><strong>Identifica\u00e7\u00e3o de microrganismos prevalentes e emergentes por diversas metodologias<\/strong> <\/li>\n\n\n\n<li class=\"has-medium-font-size\"><strong>Bacteriologia<\/strong><\/li>\n\n\n\n<li class=\"has-medium-font-size\"><strong>Micologia<\/strong><\/li>\n\n\n\n<li class=\"has-medium-font-size\"><strong>Virologia<\/strong><\/li>\n\n\n\n<li class=\"has-medium-font-size\"><strong>Antibiograma<\/strong><\/li>\n\n\n\n<li class=\"has-medium-font-size\"><strong>Controle de qualidade<\/strong><\/li>\n\n\n\n<li class=\"has-medium-font-size\"><strong>Pr\u00e9 e P\u00f3s-anal\u00edtico<\/strong><\/li>\n\n\n\n<li class=\"has-medium-font-size\"><strong>Interpreta\u00e7\u00e3o de exames microbiol\u00f3gicos correlacionando com a cl\u00ednica<\/strong><\/li>\n\n\n\n<li class=\"has-medium-font-size\"><strong>Coleta e preparo de material<\/strong><\/li>\n\n\n\n<li class=\"has-medium-font-size\"><strong>Coloniza\u00e7\u00e3o vs Infec\u00e7\u00e3o<\/strong><\/li>\n\n\n\n<li class=\"has-medium-font-size\"><strong>E muito mais &#8230;<\/strong><\/li>\n<\/ul>\n\n\n\n<h2 class=\"wp-block-heading\">Diferenciais da nossa P\u00f3s-gradua\u00e7\u00e3o<\/h2>\n\n\n\n<ul class=\"wp-block-list\">\n<li class=\"has-medium-font-size\"><strong>Aulas pr\u00e1ticas presenciais<\/strong><\/li>\n\n\n\n<li class=\"has-medium-font-size\">Casos reais de microbiologia cl\u00ednica<\/li>\n\n\n\n<li class=\"has-medium-font-size\">Contato direto com rotina laboratorial<\/li>\n\n\n\n<li class=\"has-medium-font-size\"><strong>Acomoda\u00e7\u00e3o gratuita nos Flats da AC&amp;T<\/strong>, com duas pessoas em cada quarto. H\u00e1 apartamentos para homens e mulheres, que s\u00e3o equipados com cozinha, banheiro, sala de TV e \u00e1rea de servi\u00e7o.<\/li>\n\n\n\n<li class=\"has-medium-font-size\"><strong>Transfer gratuito<\/strong> em Vans para os alunos (flats para AC&amp;T e retorno)<\/li>\n\n\n\n<li class=\"has-medium-font-size\">Caf\u00e9 da manh\u00e3 na AC&amp;T e nos intervalos de aulas<\/li>\n\n\n\n<li class=\"has-medium-font-size\">A nossa P\u00f3s em Microbiologia tem mais de 20 anos de exist\u00eancia<\/li>\n<\/ul>\n\n\n\n<h2 class=\"wp-block-heading\">Por qu\u00ea fazer P\u00f3s-gradua\u00e7\u00e3o em Microbiologia<\/h2>\n\n\n\n<ul class=\"wp-block-list\">\n<li class=\"has-medium-font-size\">Diferencia\u00e7\u00e3o profissional<\/li>\n\n\n\n<li class=\"has-medium-font-size\">Crescimento na carreira<\/li>\n\n\n\n<li class=\"has-medium-font-size\">Atualiza\u00e7\u00e3o cient\u00edfica<\/li>\n\n\n\n<li class=\"has-medium-font-size\">Melhores oportunidades em labor\u00e1torios, empresas e universidades<\/li>\n\n\n\n<li class=\"has-medium-font-size\">Melhor pontua\u00e7\u00e3o em concursos p\u00fablicos<\/li>\n<\/ul>\n\n\n\n<h2 class=\"wp-block-heading\">Dura\u00e7\u00e3o e Estrutura<\/h2>\n\n\n\n<ul class=\"wp-block-list\">\n<li class=\"has-medium-font-size\"><strong>P\u00f3s-gradua\u00e7\u00e3o lato-sensu, em n\u00edvel de Especializa\u00e7\u00e3o<\/strong><\/li>\n\n\n\n<li class=\"has-medium-font-size\"><strong>Carga hor\u00e1ria total:<\/strong> 16 meses. 360 horas.<\/li>\n\n\n\n<li class=\"has-medium-font-size\"><strong>M\u00f3dulos presenciais:<\/strong> 9 m\u00f3dulos com aulas pr\u00e1ticas (na maioria deles), discuss\u00f5es de casos cl\u00ednicos e aulas expositivas.<\/li>\n\n\n\n<li class=\"has-medium-font-size\"><strong>M\u00f3dulos a dist\u00e2ncia (EAD):<\/strong> 7 m\u00f3dulos on-line com dezenas de temas te\u00f3ricos gravados, disponibilizados gradualmente conforme a programa\u00e7\u00e3o.<\/li>\n<\/ul>\n\n\n\n<h2 class=\"wp-block-heading\">Frequ\u00eancia m\u00ednima<\/h2>\n\n\n\n<ul class=\"wp-block-list\">\n<li class=\"has-medium-font-size\">O curso conta com <strong>9 m\u00f3dulos presenciais<\/strong>.<\/li>\n\n\n\n<li class=\"has-medium-font-size\">O aluno dever\u00e1 comprovar <strong>frequ\u00eancia m\u00ednima de 75%<\/strong> (participa\u00e7\u00e3o em pelo menos 7 encontros presenciais).<\/li>\n<\/ul>\n\n\n\n<h2 class=\"wp-block-heading\">Organiza\u00e7\u00e3o dos m\u00f3dulos presenciais<\/h2>\n\n\n\n<ul class=\"wp-block-list\">\n<li class=\"has-medium-font-size\"><strong>S\u00e1bados:<\/strong> das 8h00 \u00e0s 17h00 (com intervalos para coffee-break e almo\u00e7o).<\/li>\n\n\n\n<li class=\"has-medium-font-size\"><strong>Domingos:<\/strong> das 8h00 \u00e0s 11h00.<\/li>\n<\/ul>\n\n\n\n<h2 class=\"wp-block-heading\">Reconhecimento e Registro<\/h2>\n\n\n\n<p class=\"has-medium-font-size\">O curso \u00e9 <strong>registrado pelo MEC<\/strong>, em parceria com a <strong>Faculdade FACERES<\/strong>, e segue a orienta\u00e7\u00e3o pedag\u00f3gica para cursos de especializa\u00e7\u00e3o contida na <strong>Resolu\u00e7\u00e3o CSE\/CES n\u00ba 01, de 06 de abril de 2018<\/strong>, bem como as diretrizes de consultoria pedag\u00f3gica da institui\u00e7\u00e3o.<\/p>\n\n\n\n<h2 class=\"wp-block-heading\">Investimento<\/h2>\n\n\n\n<p class=\"has-medium-font-size\">16 parcelas mensais de R$ 690,00 (<strong>dep\u00f3sito mensal; transfer\u00eancia banc\u00e1ria ou PIX<\/strong>). Inclui (cortesia): acomoda\u00e7\u00e3o em quartos para duas pessoas nos Flats da AC&amp;T, transporte de van do Flat para a AC&amp;T (ida e retorno), caf\u00e9 da manh\u00e3 e coffee-break. Pagamento \u00e0 vista do valor total do curso tem 10% de desconto.<\/p>\n\n\n\n<p><\/p>\n\n\n\n<hr class=\"wp-block-separator has-alpha-channel-opacity\"\/>\n\n\n\n<h2 class=\"wp-block-heading\"><strong><strong>Garanta sua vaga na P\u00f3s em Microbiologia Cl\u00ednica e Laboratorial e avance na sua carreira<\/strong> &#8211; Taxa de Matr\u00edcula (R$150)<\/strong><\/h2>\n\n\n\n<div class=\"wp-block-uagb-separator uagb-block-d5a81158\"><div class=\"wp-block-uagb-separator__inner\" style=\"--my-background-image:\"><\/div><\/div>\n\n\n\n<div class=\"wp-block-group is-content-justification-left is-layout-flex wp-container-core-group-is-layout-db491420 wp-block-group-is-layout-flex\">\n<div class=\"wp-block-uagb-marketing-button uagb-marketing-btn__align-left uagb-marketing-btn__align-text-center uagb-marketing-btn__icon-after uagb-block-45e3cc92 wp-block-button\"><a href=\"https:\/\/pag.ae\/81nRHFs4r\" class=\"uagb-marketing-btn__link wp-block-button__link\" target=\"_blank\" rel=\"noopener noreferrer\"><h6 class=\"uagb-marketing-btn__title\">Matricule-se-se agora<\/h6><svg xmlns=\"https:\/\/www.w3.org\/2000\/svg\" viewBox=\"0 0 512 512\"><path d=\"M384 320c-17.67 0-32 14.33-32 32v96H64V160h96c17.67 0 32-14.32 32-32s-14.33-32-32-32L64 96c-35.35 0-64 28.65-64 64V448c0 35.34 28.65 64 64 64h288c35.35 0 64-28.66 64-64v-96C416 334.3 401.7 320 384 320zM488 0H352c-12.94 0-24.62 7.797-29.56 19.75c-4.969 11.97-2.219 25.72 6.938 34.88L370.8 96L169.4 297.4c-12.5 12.5-12.5 32.75 0 45.25C175.6 348.9 183.8 352 192 352s16.38-3.125 22.62-9.375L416 141.3l41.38 41.38c9.156 9.141 22.88 11.84 34.88 6.938C504.2 184.6 512 172.9 512 160V24C512 10.74 501.3 0 488 0z\"><\/path><\/svg><p class=\"uagb-marketing-btn__prefix\">Valor de R$150 (n\u00e3o reembons\u00e1vel)<\/p><\/a><\/div>\n\n\n\n<div class=\"wp-block-uagb-marketing-button uagb-marketing-btn__align-left uagb-marketing-btn__align-text-center uagb-marketing-btn__icon-after uagb-block-a3ddd43f wp-block-button\"><a href=\"https:\/\/wa.me\/5517997944667\" class=\"uagb-marketing-btn__link wp-block-button__link\" target=\"_blank\" rel=\"noopener noreferrer\"><h6 class=\"uagb-marketing-btn__title\">Fale conosco<\/h6><svg xmlns=\"https:\/\/www.w3.org\/2000\/svg\" viewBox=\"0 0 512 512\"><path d=\"M384 320c-17.67 0-32 14.33-32 32v96H64V160h96c17.67 0 32-14.32 32-32s-14.33-32-32-32L64 96c-35.35 0-64 28.65-64 64V448c0 35.34 28.65 64 64 64h288c35.35 0 64-28.66 64-64v-96C416 334.3 401.7 320 384 320zM488 0H352c-12.94 0-24.62 7.797-29.56 19.75c-4.969 11.97-2.219 25.72 6.938 34.88L370.8 96L169.4 297.4c-12.5 12.5-12.5 32.75 0 45.25C175.6 348.9 183.8 352 192 352s16.38-3.125 22.62-9.375L416 141.3l41.38 41.38c9.156 9.141 22.88 11.84 34.88 6.938C504.2 184.6 512 172.9 512 160V24C512 10.74 501.3 0 488 0z\"><\/path><\/svg><p class=\"uagb-marketing-btn__prefix\">D\u00favidas? Fale pelo Whatsapp.<\/p><\/a><\/div>\n<\/div>\n\n\n\n<div class=\"wp-block-uagb-separator uagb-block-87fe89df\"><div class=\"wp-block-uagb-separator__inner\" style=\"--my-background-image:\"><\/div><\/div>\n\n\n\n<hr class=\"wp-block-separator has-alpha-channel-opacity\"\/>\n\n\n\n<h2 class=\"wp-block-heading\">Corpo Docente<\/h2>\n\n\n\n<figure class=\"wp-block-image size-thumbnail\"><img loading=\"lazy\" decoding=\"async\" width=\"150\" height=\"150\" src=\"https:\/\/www.ciencianews.com.br\/wp-content\/uploads\/2023\/05\/Margarete-150x150.png\" alt=\"\" class=\"wp-image-7200\" srcset=\"https:\/\/www.ciencianews.com.br\/wp-content\/uploads\/2023\/05\/Margarete-150x150.png 150w, https:\/\/www.ciencianews.com.br\/wp-content\/uploads\/2023\/05\/Margarete-367x370.png 367w, https:\/\/www.ciencianews.com.br\/wp-content\/uploads\/2023\/05\/Margarete.png 530w\" sizes=\"auto, (max-width: 150px) 100vw, 150px\" \/><\/figure>\n\n\n\n<p class=\"has-medium-font-size\"><strong>Coordena\u00e7\u00e3o Cient\u00edfica &nbsp;&nbsp;&nbsp;&nbsp;&nbsp;&nbsp;&nbsp;&nbsp;&nbsp;&nbsp;&nbsp;&nbsp;&nbsp;&nbsp;&nbsp;&nbsp;&nbsp;&nbsp;&nbsp;&nbsp;&nbsp;&nbsp;&nbsp;&nbsp;&nbsp;&nbsp;&nbsp;&nbsp;<\/strong><\/p>\n\n\n\n<p class=\"has-medium-font-size\"><strong><em><strong><em>Profa. Dra. Margarete Teresa Gottardo de Almeida<\/em><\/strong>.&nbsp;<\/em><\/strong><em>Bi\u00f3loga. Mestre e Doutora pela Faculdade de Medicina de S\u00e3o Jos\u00e9 do Rio Preto (FAMERP). Respons\u00e1vel pelo laborat\u00f3rio de microbiologia da FAMERP. Professora adjunta da FAMERP. Orientadora dos programas de mestrado e doutorado de P\u00f3s-Gradua\u00e7\u00e3o em microbiologia da UNESP. A Profa Margarete figura entre os cientistas mais influentes da Am\u00e9rica Latina segundo o ranking AD Scientific Index 2021.<\/em><\/p>\n\n\n\n<figure class=\"wp-block-image size-thumbnail\"><img loading=\"lazy\" decoding=\"async\" width=\"150\" height=\"150\" src=\"https:\/\/www.ciencianews.com.br\/wp-content\/uploads\/2023\/05\/Foto-sem-fundo-3-150x150.png\" alt=\"\" class=\"wp-image-7153\" srcset=\"https:\/\/www.ciencianews.com.br\/wp-content\/uploads\/2023\/05\/Foto-sem-fundo-3-150x150.png 150w, https:\/\/www.ciencianews.com.br\/wp-content\/uploads\/2023\/05\/Foto-sem-fundo-3-300x300.png 300w, https:\/\/www.ciencianews.com.br\/wp-content\/uploads\/2023\/05\/Foto-sem-fundo-3-1021x1024.png 1021w, https:\/\/www.ciencianews.com.br\/wp-content\/uploads\/2023\/05\/Foto-sem-fundo-3-768x770.png 768w, https:\/\/www.ciencianews.com.br\/wp-content\/uploads\/2023\/05\/Foto-sem-fundo-3-369x370.png 369w, https:\/\/www.ciencianews.com.br\/wp-content\/uploads\/2023\/05\/Foto-sem-fundo-3.png 1122w\" sizes=\"auto, (max-width: 150px) 100vw, 150px\" \/><\/figure>\n\n\n\n<p class=\"has-medium-font-size\"><strong>Coordena\u00e7\u00e3o Geral &nbsp;&nbsp;&nbsp;&nbsp;&nbsp;&nbsp;&nbsp;&nbsp;&nbsp;&nbsp;&nbsp;&nbsp;&nbsp;&nbsp;&nbsp;&nbsp;&nbsp;&nbsp;&nbsp;&nbsp;&nbsp;&nbsp;&nbsp;&nbsp;&nbsp;&nbsp;&nbsp;&nbsp;<\/strong><\/p>\n\n\n\n<p class=\"has-medium-font-size\"><strong><em>Prof. Dr. Fl\u00e1vio Augusto Naoum<\/em><\/strong>.&nbsp;<em>M\u00e9dico Hematologista. Mestre em Hematologia e Hemoterapia pela USP. Doutor em Medicina Interna pela FAMERP. P\u00f3s-doutorado em Hematologia pela Universidade de Middlesex (Inglaterra). Professor de Hematologia da Faculdade de Medicina FACERES de S\u00e3o Jos\u00e9 do Rio Preto, consultor em Hematologia do Laborat\u00f3rio Ultra-X, diretor do Instituto Naoum de Hematologia e diretor cl\u00ednico da AC&amp;T.<\/em><\/p>\n\n\n\n<hr class=\"wp-block-separator has-alpha-channel-opacity\"\/>\n\n\n\n<h2 class=\"wp-block-heading\"><strong>Cronograma das Aulas<\/strong><\/h2>\n\n\n\n<div class=\"wp-block-uagb-separator uagb-block-03edc161\"><div class=\"wp-block-uagb-separator__inner\" style=\"--my-background-image:\"><\/div><\/div>\n\n\n\n<p><strong>30 e 31 de Maio de 2026 \u2013 PRESENCIAL<\/strong><\/p>\n\n\n\n<p>Introdu\u00e7\u00e3o de Microbiologia no Laborat\u00f3rio de An\u00e1lises Cl\u00ednicas.<\/p>\n\n\n\n<p>Biosseguran\u00e7a: Classifica\u00e7\u00e3o dos Laborat\u00f3rios (N\u00edveis NB1,2 3 4).<\/p>\n\n\n\n<p>Boas pr\u00e1ticas no Laborat\u00f3rio Microbiol\u00f3gico.<\/p>\n\n\n\n<p><strong>Junho de 2026 \u2013 ONLINE*<\/strong><\/p>\n\n\n\n<p>Resposta imune \u2013 Revis\u00e3o.<\/p>\n\n\n\n<p>Imunodefici\u00eancias e infec\u00e7\u00f5es oportunistas.<\/p>\n\n\n\n<p>*Intera\u00e7\u00e3o online&nbsp;ao vivo&nbsp;sobre o tema com Prof. Dr. Fl\u00e1vio Naoum no dia 19\/06 \u00e0s 19h00.<\/p>\n\n\n\n<p><strong>25 e 26 de Julho de 2026 \u2013 PRESENCIAL<\/strong><\/p>\n\n\n\n<p>Fisiopatologia das infec\u00e7\u00f5es do trato respirat\u00f3rio.<\/p>\n\n\n\n<p>Fisiopatologia das infec\u00e7\u00f5es do trato urin\u00e1rio.<\/p>\n\n\n\n<p>Microrganismos prevalentes e emergentes<\/p>\n\n\n\n<p><strong>29 e 30 de Agosto de 2026 \u2013 PRESENCIAL COM PR\u00c1TICA<\/strong><\/p>\n\n\n\n<p>Diagn\u00f3stico laboratorial das Infec\u00e7\u00f5es do Trato Respirat\u00f3rio e do Trato urin\u00e1rio considerando coleta, an\u00e1lises laboratoriais, pr\u00e9 e p\u00f3s-anal\u00edtica.<\/p>\n\n\n\n<p>Apresenta\u00e7\u00e3o e discuss\u00e3o de casos cl\u00ednicos espec\u00edficos.<\/p>\n\n\n\n<p><strong>Setembro de 2026 \u2013 ONLINE<\/strong><\/p>\n\n\n\n<p>Fisiopatologia das infec\u00e7\u00f5es do trato genital.<\/p>\n\n\n\n<p>Fisiopatologia das infec\u00e7\u00f5es do trato gastrointestinal.<\/p>\n\n\n\n<p>Microrganismos prevalentes e emergentes.<\/p>\n\n\n\n<p><strong>17 e 18 de Outubro de 2026 \u2013 PRESENCIAL COM PR\u00c1TICA<\/strong><\/p>\n\n\n\n<p>Diagn\u00f3stico laboratorial das Infec\u00e7\u00f5es do Trato Genital e do Trato gastrointestinal considerando coleta, an\u00e1lises laboratoriais pr\u00e9 e p\u00f3s-anal\u00edtica.<\/p>\n\n\n\n<p>Apresenta\u00e7\u00e3o e discuss\u00e3o de casos cl\u00ednicos espec\u00edficos.<\/p>\n\n\n\n<p><strong>Novembro de 2026 \u2013 ONLINE<\/strong><\/p>\n\n\n\n<p>Fisiopatologia das infec\u00e7\u00f5es sist\u00eamicas (sepse).<\/p>\n\n\n\n<p>Fisiopatologia das infec\u00e7\u00f5es do Sistema Nervoso.<\/p>\n\n\n\n<p>Microrganismos prevalentes e emergentes.<\/p>\n\n\n\n<p>Mecanismo de a\u00e7\u00e3o e resist\u00eancia aos antimicrobianos<\/p>\n\n\n\n<p><strong>12 e 13 de Dezembro de 2026 &#8211; PRESENCIAL<\/strong><\/p>\n\n\n\n<p>Diagn\u00f3stico laboratorial das Infec\u00e7\u00f5es Sist\u00eamicas e do Sistema Nervoso Central considerando coleta, an\u00e1lises laboratoriais, pr\u00e9 e p\u00f3s-anal\u00edtica.<\/p>\n\n\n\n<p>Apresenta\u00e7\u00e3o e discuss\u00e3o de casos cl\u00ednicos espec\u00edficos.<\/p>\n\n\n\n<p><strong>Janeiro 2027 \u2013 ONLINE<\/strong><\/p>\n\n\n\n<p>Aula Metodologia cient\u00edfica \u2013 TCC <\/p>\n\n\n\n<p><strong>13 e 14 de Fevereiro de 2027 \u2013 PRESENCIAL COM PR\u00c1TICA<\/strong><\/p>\n\n\n\n<p>Introdu\u00e7\u00e3o \u00e0 Micologia M\u00e9dica;<\/p>\n\n\n\n<p>Fungos patog\u00eanicos e oportunistas em humanos;<\/p>\n\n\n\n<p>Infec\u00e7\u00f5es f\u00fangicas superficiais.<\/p>\n\n\n\n<p>Coleta de material cl\u00ednico para exame micol\u00f3gico (Direto e Cultura).<\/p>\n\n\n\n<p>Diagn\u00f3stico laboratorial para fungo de micoses superficiais (Fungos dermat\u00f3fitos, n\u00e3o dermat\u00f3fitos e leveduras).<\/p>\n\n\n\n<p><strong>Mar\u00e7o de 2027 \u2013 ONLINE<\/strong><\/p>\n\n\n\n<p>Micoses sub-cut\u00e2neas: Cromomicose, Esporotricose.<\/p>\n\n\n\n<p>Fungos prevalentes e emergentes.<\/p>\n\n\n\n<p><strong>17 e 18 de Abril de 2027 \u2013 PRESENCIAL COM PR\u00c1TICA<\/strong><\/p>\n\n\n\n<p>Micetoma, Hialohifomicose, Feohifomicose.<\/p>\n\n\n\n<p>Coleta e m\u00e9todos diagn\u00f3sticos laboratoriais para fungos de micoses subcut\u00e2neas. <\/p>\n\n\n\n<p>Discuss\u00e3o de casos cl\u00ednicos espec\u00edficos.&nbsp;&nbsp;<\/p>\n\n\n\n<p><strong>Maio de 2027 &#8211; ONLINE<\/strong><\/p>\n\n\n\n<p>Micoses profundas e oportunistas: Paracoccidiomicose, Histoplasmose Coccidiomicose, Blastomicose, Aspergilose, Criptococose, Candid\u00edase.<\/p>\n\n\n\n<p>Doen\u00e7as f\u00fangicas emergentes.<\/p>\n\n\n\n<p><strong>12 e 13 de Junho de 2027 \u2013 PRESENCIAL COM PR\u00c1TICA<\/strong><\/p>\n\n\n\n<p>Coleta e m\u00e9todos diagn\u00f3sticos laboratoriais para fungos de micoses profundas e oportunistas.<\/p>\n\n\n\n<p>Discuss\u00e3o de casos cl\u00ednicos espec\u00edficos.&nbsp;<\/p>\n\n\n\n<p>Mecanismo a\u00e7\u00e3o e resist\u00eancia aos antif\u00fangicos.<\/p>\n\n\n\n<p><strong>&nbsp;<\/strong>Antifungigrama.<\/p>\n\n\n\n<p><strong>Julho de 2027 \u2013 ONLINE<\/strong><\/p>\n\n\n\n<p>O Laborat\u00f3rio Microbiol\u00f3gico e as doen\u00e7as virais. <\/p>\n\n\n\n<p>RNA-v\u00edrus Fam\u00edlia: Picornaviridae Rhabdoviridae Paramyxoviridae Togaviridae Flaviviridae. Retroviridae Coronaviridae. <\/p>\n\n\n\n<p>DNA-v\u00edrus Fam\u00edlia: Herpesviridae; Adenoviridae Papovaviridae Poxviridae Parvoviridae.<\/p>\n\n\n\n<p><strong>14 de Agosto de 2027 \u2013 PRESENCIAL<\/strong><\/p>\n\n\n\n<p>Indica\u00e7\u00f5es Up-to-date em microbiologia cl\u00ednica.<\/p>\n\n\n\n<p>Certifica\u00e7\u00e3o e jantar de confraterniza\u00e7\u00e3o oferecido pela AC&amp;T.<\/p>\n\n\n\n<h2 class=\"wp-block-heading\"><strong>Veja como \u00e9 um dia na P\u00f3s de Microbiologia da AC&amp;T<\/strong><\/h2>\n\n\n\n<p class=\"has-medium-font-size\"><strong>&#8220;A AC&amp;T \u00e9 um lugar incr\u00edvel&#8221; (Gabrielle, aluna da 13\u00aa turma de Microbiologia)<\/strong><\/p>\n\n\n\n<div style=\"height:21px\" aria-hidden=\"true\" class=\"wp-block-spacer\"><\/div>\n\n\n\n<div class=\"wp-block-columns is-layout-flex wp-container-core-columns-is-layout-9d6595d7 wp-block-columns-is-layout-flex\">\n<div class=\"wp-block-column is-layout-flow wp-block-column-is-layout-flow\">\n<figure class=\"wp-block-video\"><video controls src=\"https:\/\/www.ciencianews.com.br\/wp-content\/uploads\/2026\/01\/Video-jornada-da-aluno-Pos-em-Micro-2025.mp4\"><\/video><\/figure>\n<\/div>\n\n\n\n<div class=\"wp-block-column is-layout-flow wp-block-column-is-layout-flow\"><\/div>\n\n\n\n<div class=\"wp-block-column is-layout-flow wp-block-column-is-layout-flow\"><\/div>\n<\/div>\n","protected":false},"excerpt":{"rendered":"<p>A p\u00f3s-gradua\u00e7\u00e3o em Microbiologia Cl\u00ednica e Laboratorial \u00e9 voltada para profissionais que desejam aprofundar seus conhecimentos em an\u00e1lises microbiol\u00f3gicas, diagn\u00f3stico laboratorial e interpreta\u00e7\u00e3o de exames. Com foco pr\u00e1tico e aplicado \u00e0 rotina dos laborat\u00f3rios cl\u00ednicos, este curso prepara biom\u00e9dicos, farmac\u00eauticos, [&hellip;]<\/p>\n","protected":false},"author":3,"featured_media":0,"parent":0,"menu_order":0,"comment_status":"closed","ping_status":"closed","template":"","meta":{"_uag_custom_page_level_css":"","_joinchat":[],"footnotes":""},"class_list":["post-8040","page","type-page","status-publish","hentry"],"uagb_featured_image_src":{"full":false,"thumbnail":false,"medium":false,"medium_large":false,"large":false,"1536x1536":false,"2048x2048":false,"post-thumbnail":false,"business-hub-blog":false,"business-hub-work":false},"uagb_author_info":{"display_name":"Academia de Ci\u00eancia e Tecnologia","author_link":"https:\/\/www.ciencianews.com.br\/index.php\/author\/administrador\/"},"uagb_comment_info":0,"uagb_excerpt":"A p\u00f3s-gradua\u00e7\u00e3o em Microbiologia Cl\u00ednica e Laboratorial \u00e9 voltada para profissionais que desejam aprofundar seus conhecimentos em an\u00e1lises microbiol\u00f3gicas, diagn\u00f3stico laboratorial e interpreta\u00e7\u00e3o de exames. Com foco pr\u00e1tico e aplicado \u00e0 rotina dos laborat\u00f3rios cl\u00ednicos, este curso prepara biom\u00e9dicos, farmac\u00eauticos, [&hellip;]","_links":{"self":[{"href":"https:\/\/www.ciencianews.com.br\/index.php\/wp-json\/wp\/v2\/pages\/8040","targetHints":{"allow":["GET"]}}],"collection":[{"href":"https:\/\/www.ciencianews.com.br\/index.php\/wp-json\/wp\/v2\/pages"}],"about":[{"href":"https:\/\/www.ciencianews.com.br\/index.php\/wp-json\/wp\/v2\/types\/page"}],"author":[{"embeddable":true,"href":"https:\/\/www.ciencianews.com.br\/index.php\/wp-json\/wp\/v2\/users\/3"}],"replies":[{"embeddable":true,"href":"https:\/\/www.ciencianews.com.br\/index.php\/wp-json\/wp\/v2\/comments?post=8040"}],"version-history":[{"count":20,"href":"https:\/\/www.ciencianews.com.br\/index.php\/wp-json\/wp\/v2\/pages\/8040\/revisions"}],"predecessor-version":[{"id":8172,"href":"https:\/\/www.ciencianews.com.br\/index.php\/wp-json\/wp\/v2\/pages\/8040\/revisions\/8172"}],"wp:attachment":[{"href":"https:\/\/www.ciencianews.com.br\/index.php\/wp-json\/wp\/v2\/media?parent=8040"}],"curies":[{"name":"wp","href":"https:\/\/api.w.org\/{rel}","templated":true}]}}